{"id":7574,"date":"2022-10-27T09:52:03","date_gmt":"2022-10-27T09:52:03","guid":{"rendered":"https:\/\/www.hotelpraktikgarden.com\/?page_id=7574"},"modified":"2025-10-29T11:32:15","modified_gmt":"2025-10-29T11:32:15","slug":"hotel-a-barcelone","status":"publish","type":"page","link":"https:\/\/www.hotelpraktikgarden.com\/fr\/","title":{"rendered":"Hotel a Barcelone"},"content":{"rendered":"<br \/>\n<h1 style=\"\">Bienvenue \u00e0 Praktik Garden<\/h1>\n<p style=\"\">S\u00e9journez \u00e0 Praktik Garden, un h\u00f4tel avec jardin dans le centre de Barcelone.<\/p>\n<p>     Arriv\u00e9e      D\u00e9part        Adultes  1 2 3      Enfants  0 1 2        [tcb-script src=\u00a0\u00bbhttps:\/\/code.jquery.com\/jquery-1.12.4.js\u00a0\u00bb][\/tcb-script] [tcb-script src=\u00a0\u00bbhttps:\/\/code.jquery.com\/ui\/1.12.1\/jquery-ui.js\u00a0\u00bb][\/tcb-script] [tcb-script] $(\u00ab\u00a0#checkinbig\u00a0\u00bb).datepicker({ defaultDate: null, firstDay: 1, minDate: 0, changeMonth: false, dayNamesMin: [&lsquo;D&rsquo;, &lsquo;L&rsquo;, &lsquo;M&rsquo;, &lsquo;M&rsquo;, &lsquo;J&rsquo;, &lsquo;V&rsquo;, &lsquo;S&rsquo;], &nbsp;monthNames: [ \u00ab\u00a0Janvier\u00a0\u00bb, \u00ab\u00a0F\u00e9vrier\u00a0\u00bb, \u00ab\u00a0Mars\u00a0\u00bb, \u00ab\u00a0Avril\u00a0\u00bb, \u00ab\u00a0Mai\u00a0\u00bb, \u00ab\u00a0Juin\u00a0\u00bb, \u00ab\u00a0Juillet\u00a0\u00bb, \u00ab\u00a0Ao\u00fbt\u00a0\u00bb, \u00ab\u00a0Septembre\u00a0\u00bb, \u00ab\u00a0Octobre\u00a0\u00bb, \u00ab\u00a0Novembre\u00a0\u00bb, \u00ab\u00a0D\u00e9cembre\u00a0\u00bb ], dateFormat: &lsquo;dd-mm-yy&rsquo;, onSelect: function (selectedDate) { var date1 = $(&lsquo;#checkinbig&rsquo;).datepicker(&lsquo;getDate&rsquo;); var date = new Date(Date.parse(date1)); date.setDate(date.getDate() + 1); var newDate = date.toDateString(); newDate = new Date(Date.parse(newDate)); $(\u00ab\u00a0#checkoutbig\u00a0\u00bb).datepicker(\u00ab\u00a0option\u00a0\u00bb, \u00ab\u00a0minDate\u00a0\u00bb, newDate); }, onClose: function () { $(\u00ab\u00a0#checkoutbig\u00a0\u00bb).datepicker(\u00ab\u00a0show\u00a0\u00bb); }, }); $(\u00ab\u00a0#checkoutbig\u00a0\u00bb).datepicker({ defaultDate: null, firstDay: 1, minDate: \u00ab\u00a0+1d\u00a0\u00bb, changeMonth: false, dateFormat: &lsquo;dd-mm-yy&rsquo;, dayNamesMin: [&lsquo;D&rsquo;, &lsquo;L&rsquo;, &lsquo;M&rsquo;, &lsquo;M&rsquo;, &lsquo;J&rsquo;, &lsquo;V&rsquo;, &lsquo;S&rsquo;], monthNames: [ \u00ab\u00a0Janvier\u00a0\u00bb, \u00ab\u00a0F\u00e9vrier\u00a0\u00bb, \u00ab\u00a0Mars\u00a0\u00bb, \u00ab\u00a0Avril\u00a0\u00bb, \u00ab\u00a0Mai\u00a0\u00bb, \u00ab\u00a0Juin\u00a0\u00bb, \u00ab\u00a0Juillet\u00a0\u00bb, \u00ab\u00a0Ao\u00fbt\u00a0\u00bb, \u00ab\u00a0Septembre\u00a0\u00bb, \u00ab\u00a0Octobre\u00a0\u00bb, \u00ab\u00a0Novembre\u00a0\u00bb, \u00ab\u00a0D\u00e9cembre\u00a0\u00bb ], }); [\/tcb-script]   <\/p>\n<h1 style=\"text-align: center;\">Votre refuge naturel en plein c\u0153ur de la ville<\/h1>\n<p style=\"text-align: center;\">Au Praktik Garden, le rythme de la ville se dissout entre feuilles vertes et coins paisibles. Un h\u00f4tel \u00e0 l\u2019atmosph\u00e8re d\u00e9tendue, au design fonctionnel et chaleureux, pens\u00e9 pour faire une pause sans quitter l\u2019Eixample. La combinaison id\u00e9ale, que vous voyagiez pour le loisir, le travail ou entre amis.<\/p>\n<h2 style=\"text-align: left;\">Un h\u00f4tel urbain \u00e0 l\u2019\u00e2me de jardin<\/h2>\n<p style=\"text-align: left;\">Au Praktik Garden, vous \u00eates notre priorit\u00e9. C\u2019est pourquoi nous proposons une vari\u00e9t\u00e9 de services qui rendront votre s\u00e9jour plus agr\u00e9able. L\u2019h\u00f4tel s\u00e9duit par son int\u00e9rieur plein de vie : plantes naturelles, lumi\u00e8re douce et terrasse verdoyante qui apportent calme et harmonie au rythme urbain. Parmi ses espaces, la terrasse int\u00e9rieure se distingue comme un oasis inattendu en plein centre, invitant \u00e0 prolonger le moment, que ce soit autour d\u2019un caf\u00e9, d\u2019un livre ou d\u2019une bonne conversation.<\/p>\n<div class='white' style='background:rgba(0,0,0,0); border:solid 0px rgba(0,0,0,0); border-radius:20px; padding:0px 0px 0px 0px;'>\n<div id='slider_9896' class='owl-carousel sa_owl_theme owl-pagination-true autohide-arrows' data-slider-id='slider_9896' style='visibility:hidden;'>\n<div id='slider_9896_slide01' class='sa_hover_container' style='padding:5% 5%; margin:0px 1.5%; background-image:url(&quot;https:\/\/www.hotelpraktikgarden.com\/wp-content\/uploads\/sites\/21\/TERRAZA_2-540X540.jpg&quot;); background-position:center center; background-size:cover; background-repeat:no-repeat; min-height:450px; '><\/div>\n<div id='slider_9896_slide02' class='sa_hover_container' style='padding:5% 5%; margin:0px 1.5%; background-image:url(&quot;https:\/\/www.hotelpraktikgarden.com\/wp-content\/uploads\/sites\/21\/TERRAZA-PARASOLES.jpg&quot;); background-position:center center; background-size:cover; background-repeat:no-repeat; min-height:450px; '><\/div>\n<div id='slider_9896_slide03' class='sa_hover_container' style='padding:5% 5%; margin:0px 1.5%; background-image:url(&quot;https:\/\/www.hotelpraktikgarden.com\/wp-content\/uploads\/sites\/21\/HOTEL-PRAKTIK-GARDEN-BARCELONA-ENTRADA-2.jpg&quot;); background-position:center center; background-size:cover; background-repeat:no-repeat; min-height:450px; '><\/div>\n<div id='slider_9896_slide04' class='sa_hover_container' style='padding:5% 5%; margin:0px 1.5%; background-image:url(&quot;https:\/\/www.hotelpraktikgarden.com\/wp-content\/uploads\/sites\/21\/TERRAZA-PARASOLES_2.jpg&quot;); background-position:center center; background-size:cover; background-repeat:no-repeat; min-height:450px; '><\/div>\n<div id='slider_9896_slide05' class='sa_hover_container' style='padding:5% 5%; margin:0px 1.5%; background-image:url(&quot;https:\/\/www.hotelpraktikgarden.com\/wp-content\/uploads\/sites\/21\/HOTEL-PRAKTIK-GARDEN-BARCELONA-PASILLO.jpg&quot;); background-position:center center; background-size:cover; background-repeat:no-repeat; min-height:450px; '><\/div>\n<div id='slider_9896_slide06' class='sa_hover_container' style='padding:5% 5%; margin:0px 1.5%; background-image:url(&quot;https:\/\/www.hotelpraktikgarden.com\/wp-content\/uploads\/sites\/21\/TERRAZA_4-540X540.jpg&quot;); background-position:center center; background-size:cover; background-repeat:no-repeat; min-height:450px; '><\/div>\n<div id='slider_9896_slide07' class='sa_hover_container' style='padding:5% 5%; margin:0px 1.5%; background-image:url(&quot;https:\/\/www.hotelpraktikgarden.com\/wp-content\/uploads\/sites\/21\/RECEPCION-GARDEN.jpg&quot;); background-position:center center; background-size:cover; background-repeat:no-repeat; min-height:450px; '><\/div>\n<div id='slider_9896_slide08' class='sa_hover_container' style='padding:5% 5%; margin:0px 1.5%; background-image:url(&quot;https:\/\/www.hotelpraktikgarden.com\/wp-content\/uploads\/sites\/21\/ASCENSOR-540X540.jpg&quot;); background-position:center center; background-size:cover; background-repeat:no-repeat; min-height:450px; '><\/div>\n<\/div>\n<\/div>\n<script type='text\/javascript'>\n\tjQuery(document).ready(function() {\n\t\tjQuery('#slider_9896').owlCarousel({\n\t\t\tresponsive:{\n\t\t\t\t0:{ items:1 },\n\t\t\t\t480:{ items:1 },\n\t\t\t\t768:{ items:1 },\n\t\t\t\t980:{ items:2 },\n\t\t\t\t1200:{ items:3 },\n\t\t\t\t1500:{ items:3 }\n\t\t\t},\n\t\t\tautoplay : true,\n\t\t\tautoplayTimeout : 3000,\n\t\t\tautoplayHoverPause : true,\n\t\t\tsmartSpeed : 200,\n\t\t\tfluidSpeed : 200,\n\t\t\tautoplaySpeed : 200,\n\t\t\tnavSpeed : 200,\n\t\t\tdotsSpeed : 200,\n\t\t\tdotsEach : 1,\n\t\t\tloop : true,\n\t\t\tnav : false,\n\t\t\tnavText : ['Previous','Next'],\n\t\t\tdots : true,\n\t\t\tresponsiveRefreshRate : 200,\n\t\t\tslideBy : 1,\n\t\t\tmergeFit : true,\n\t\t\tautoHeight : false,\n\t\t\tmouseDrag : true,\n\t\t\ttouchDrag : true\n\t\t});\n\t\tjQuery('#slider_9896').css('visibility', 'visible');\n\t\tvar owl_goto = jQuery('#slider_9896');\n\t\tjQuery('.slider_9896_goto1').click(function(event){\n\t\t\towl_goto.trigger('to.owl.carousel', 0);\n\t\t});\n\t\tjQuery('.slider_9896_goto2').click(function(event){\n\t\t\towl_goto.trigger('to.owl.carousel', 1);\n\t\t});\n\t\tjQuery('.slider_9896_goto3').click(function(event){\n\t\t\towl_goto.trigger('to.owl.carousel', 2);\n\t\t});\n\t\tjQuery('.slider_9896_goto4').click(function(event){\n\t\t\towl_goto.trigger('to.owl.carousel', 3);\n\t\t});\n\t\tjQuery('.slider_9896_goto5').click(function(event){\n\t\t\towl_goto.trigger('to.owl.carousel', 4);\n\t\t});\n\t\tjQuery('.slider_9896_goto6').click(function(event){\n\t\t\towl_goto.trigger('to.owl.carousel', 5);\n\t\t});\n\t\tjQuery('.slider_9896_goto7').click(function(event){\n\t\t\towl_goto.trigger('to.owl.carousel', 6);\n\t\t});\n\t\tjQuery('.slider_9896_goto8').click(function(event){\n\t\t\towl_goto.trigger('to.owl.carousel', 7);\n\t\t});\n\t\tvar resize_9896 = jQuery('.owl-carousel');\n\t\tresize_9896.on('initialized.owl.carousel', function(e) {\n\t\t\tif (typeof(Event) === 'function') {\n\t\t\t\twindow.dispatchEvent(new Event('resize'));\n\t\t\t} else {\n\t\t\t\tvar evt = window.document.createEvent('UIEvents');\n\t\t\t\tevt.initUIEvent('resize', true, false, window, 0);\n\t\t\t\twindow.dispatchEvent(evt);\n\t\t\t}\n\t\t});\n\t});\n<\/script>\n\n<p>  <a href=\"javascript:void(0)\" style=\"\"><span style=\"\">  <\/span> <span style=\"\"> <span style=\"\">Load More<\/span> <\/span> <\/a>     <\/p>\n<h2 style=\"text-align: center;\">Les R\u00e9servations directes ont leurs avantages<\/h2>\n<p style=\"text-align: center;\">En r\u00e9servant directement sur le site Internet de l&rsquo;h\u00f4tel Praktik Garden, vous b\u00e9n\u00e9ficierez de nombreux avantages lors de votre s\u00e9jour \u00e0 Barcelone.<\/p>\n<p><span><img decoding=\"async\" alt=\"icono-mejorprecio-praktik\" data-id=\"809\" width=\"210\" data-init-width=\"300\" height=\"210\" data-init-height=\"300\" title=\"icono-mejorprecio-praktik\" src=\"https:\/\/www.hotelpraktikgarden.com\/wp-content\/uploads\/icono-mejorprecio-praktik-300x300.png\" data-width=\"210\" data-height=\"210\" style=\"aspect-ratio: auto 300 \/ 300;\" loading=\"lazy\"><\/span><\/p>\n<p style=\"text-align: center;\">Le meilleur prix est toujours propos\u00e9 sur notre site Internet<\/p>\n<p style=\"text-align: center;\">En r\u00e9servant sur notre site Internet, vous b\u00e9n\u00e9ficierez d&rsquo;une r\u00e9duction de 5 % sur le prix de votre chambre.<\/p>\n<p><span><img decoding=\"async\" alt=\"icono-NOoverbooking-praktik\" data-id=\"810\" width=\"210\" data-init-width=\"300\" height=\"210\" data-init-height=\"300\" title=\"icono-NOoverbooking-praktik\" src=\"https:\/\/www.hotelpraktikgarden.com\/wp-content\/uploads\/icono-NOoverbooking-praktik-300x300.png\" data-width=\"210\" data-height=\"210\" style=\"aspect-ratio: auto 300 \/ 300;\" loading=\"lazy\"><\/span><\/p>\n<p style=\"text-align: center;\">Nous vous assurons qu&rsquo;il n&rsquo;y aura pas de surr\u00e9servation&nbsp;<\/p>\n<p style=\"text-align: center;\">Nous contr\u00f4lons parfaitement nos r\u00e9servations afin d&rsquo;\u00e9viter des surprises.<\/p>\n<p><span><img decoding=\"async\" alt=\"free upgrade Praktik\" data-id=\"5351\" width=\"150\" data-init-width=\"207\" height=\"164\" data-init-height=\"226\" title=\"icono-FREEupgrade-praktik-300x300-02\" src=\"https:\/\/www.hotelpraktikgarden.com\/wp-content\/uploads\/sites\/21\/2022\/11\/icono-FREEupgrade-praktik-300x300-02.png\" data-width=\"150\" data-height=\"164\" style=\"aspect-ratio: auto 207 \/ 226;\" loading=\"lazy\"><\/span><\/p>\n<p style=\"text-align: center;\">Surclassement de chambre pour le m\u00eame prix&nbsp;<\/p>\n<p style=\"text-align: center;\">Le surclassement de chambre est uniquement disponible pour les r\u00e9servations effectu\u00e9es sur le site Internet et dans la limite des disponibilit\u00e9s.<\/p>\n<p>  <span><img decoding=\"async\" alt=\"icono-cancelacionGRATIS-praktik\" data-id=\"806\" width=\"210\" data-init-width=\"300\" height=\"210\" data-init-height=\"300\" title=\"icono-cancelacionGRATIS-praktik\" src=\"https:\/\/www.hotelpraktikgarden.com\/wp-content\/uploads\/icono-cancelacionGRATIS-praktik-300x300.png\" data-width=\"210\" data-height=\"210\" style=\"aspect-ratio: auto 300 \/ 300;\" loading=\"lazy\"><\/span><\/p>\n<p style=\"text-align: center;\">Annulation gratuite 24 h&nbsp;<\/p>\n<p style=\"text-align: center;\">Nous sommes conscients des impr\u00e9vus qui peuvent survenir, c&rsquo;est pourquoi l&rsquo;annulation de r\u00e9servation est gratuite.<\/p>\n<p>   <span><img decoding=\"async\" alt=\"icono-latecheckoutGRATIS-praktik\" data-id=\"808\" width=\"210\" data-init-width=\"300\" height=\"210\" data-init-height=\"300\" title=\"icono-latecheckoutGRATIS-praktik\" src=\"https:\/\/www.hotelpraktikgarden.com\/wp-content\/uploads\/icono-latecheckoutGRATIS-praktik-300x300.png\" data-width=\"210\" data-height=\"210\" style=\"aspect-ratio: auto 300 \/ 300;\" loading=\"lazy\"><\/span><\/p>\n<p style=\"text-align: center;\">Check-out tardif gratuit&nbsp;<\/p>\n<p style=\"text-align: center;\">Si vous faites partie de ceux qui aiment faire la grasse matin\u00e9e, nous couvrons vos arri\u00e8res depuis notre site Internet. (Selon disponibilit\u00e9)<\/p>\n<p>   <a href=\"javascript:void(0)\" style=\"\"><span style=\"\">  <\/span> <span style=\"\"> <span style=\"\">Load More<\/span> <\/span> <\/a>   <\/p>\n<p style=\"text-align: center;\">Les R\u00e9servations directes ont leurs avantages<\/p>\n<div class='white' style='background:rgba(0,0,0,0); border:solid 0px rgba(0,0,0,0); border-radius:0px; padding:0px 0px 0px 0px;'>\n<div id='slider_ventajas' class='owl-carousel sa_owl_theme owl-pagination-true autohide-arrows' data-slider-id='slider_ventajas' style='visibility:hidden;'>\n<div id='slider_ventajas_slide01' class='sa_hover_container' style='padding:5% 5%; margin:0px 0%; '><p style=\"text-align: center\"><img decoding=\"async\" class=\"aligncenter wp-image-809 size-thumbnail\" src=\"https:\/\/www.hotelpraktikgarden.com\/wp-content\/uploads\/sites\/21\/2022\/11\/icono-mejorprecio-praktik.png\" alt=\"icono mejorprecio praktik\" width=\"150\" height=\"150\" \/><\/p>\r\n<p style=\"text-align: center;font-weight: bold!important;font-size: 18px\">Le meilleur prix est toujours propos\u00e9 sur notre site Internet<\/p>\r\n<p style=\"text-align: center;font-size: 16px\">En r\u00e9servant sur notre site Internet, vous b\u00e9n\u00e9ficierez d'une r\u00e9duction de 5 % sur le prix de votre chambre.<\/p><\/div>\n<div id='slider_ventajas_slide02' class='sa_hover_container' style='padding:5% 5%; margin:0px 0%; '><p style=\"text-align: center\"><img decoding=\"async\" class=\"aligncenter wp-image-810 size-thumbnail\" src=\"https:\/\/www.hotelpraktikgarden.com\/wp-content\/uploads\/sites\/21\/2022\/11\/icono-NOoverbooking-praktik.png\" alt=\"icono-NOoverbooking-praktik\" width=\"150\" height=\"150\" \/><\/p>\r\n<p style=\"text-align: center;font-weight: bold!important;font-size: 18px\">Nous vous assurons qu'il n'y aura pas de surr\u00e9servation<\/p>\r\n<p style=\"text-align: center;font-size: 16px\">Nous contr\u00f4lons parfaitement nos r\u00e9servations afin d'\u00e9viter des surprises.<\/p><\/div>\n<div id='slider_ventajas_slide03' class='sa_hover_container' style='padding:5% 5%; margin:0px 0%; '><p style=\"text-align: center\"><img decoding=\"async\" class=\"aligncenter size-thumbnail wp-image-5351\" src=\"https:\/\/www.hotelpraktikgarden.com\/wp-content\/uploads\/sites\/21\/2022\/11\/icono-FREEupgrade-praktik.png\" alt=\"free upgrade Praktik\" width=\"150\" height=\"150\" \/><\/p>\r\n<p style=\"text-align: center;font-weight: bold!important;font-size: 18px\">Surclassement de chambre pour le m\u00eame prix<\/p>\r\n<p style=\"text-align: center;font-size: 16px\">Le surclassement de chambre est uniquement disponible pour les r\u00e9servations effectu\u00e9es sur le site Internet et dans la limite des disponibilit\u00e9s.<\/p><\/div>\n<div id='slider_ventajas_slide04' class='sa_hover_container' style='padding:5% 5%; margin:0px 0%; '><p style=\"text-align: center\"><img decoding=\"async\" class=\"aligncenter wp-image-806 size-thumbnail\" src=\"https:\/\/www.hotelpraktikgarden.com\/wp-content\/uploads\/sites\/21\/2022\/11\/icono-cancelacionGRATIS-praktik.png\" alt=\"icono-cancelacionGRATIS-praktik\" width=\"150\" height=\"150\" \/><\/p>\r\n<p style=\"text-align: center;font-weight: bold!important;font-size: 18px\">Annulation gratuite 24 h<\/p>\r\n<p style=\"text-align: center;font-size: 16px\">Nous sommes conscients des impr\u00e9vus qui peuvent survenir, c'est pourquoi l'annulation de r\u00e9servation est gratuite.<\/p><\/div>\n<div id='slider_ventajas_slide05' class='sa_hover_container' style='padding:5% 5%; margin:0px 0%; '><p style=\"text-align: center\"><img decoding=\"async\" class=\"aligncenter size-thumbnail wp-image-3587\" src=\"https:\/\/www.hotelpraktikgarden.com\/wp-content\/uploads\/sites\/21\/2022\/11\/icono-latecheckoutGRATIS-praktik.png\" alt=\"late checkout GRATIS\" width=\"150\" height=\"150\" \/><\/p>\r\n<p style=\"text-align: center;font-weight: bold!important;font-size: 18px\">Check-out tardif gratuit<\/p>\r\n<p style=\"text-align: center;font-size: 16px\">Si vous faites partie de ceux qui aiment faire la grasse matin\u00e9e, nous couvrons vos arri\u00e8res depuis notre site Internet.<\/p><\/div>\n<\/div>\n<\/div>\n<script type='text\/javascript'>\n\tjQuery(document).ready(function() {\n\t\tjQuery('#slider_ventajas').owlCarousel({\n\t\t\tresponsive:{\n\t\t\t\t0:{ items:1 },\n\t\t\t\t480:{ items:1 },\n\t\t\t\t768:{ items:1 },\n\t\t\t\t980:{ items:2 },\n\t\t\t\t1200:{ items:3 },\n\t\t\t\t1500:{ items:3 }\n\t\t\t},\n\t\t\tautoplay : true,\n\t\t\tautoplayTimeout : 5000,\n\t\t\tautoplayHoverPause : true,\n\t\t\tsmartSpeed : 200,\n\t\t\tfluidSpeed : 200,\n\t\t\tautoplaySpeed : 200,\n\t\t\tnavSpeed : 200,\n\t\t\tdotsSpeed : 200,\n\t\t\tloop : true,\n\t\t\tnav : true,\n\t\t\tnavText : ['Previous','Next'],\n\t\t\tdots : true,\n\t\t\tresponsiveRefreshRate : 200,\n\t\t\tslideBy : 1,\n\t\t\tmergeFit : true,\n\t\t\tautoHeight : true,\n\t\t\tmouseDrag : false,\n\t\t\ttouchDrag : true\n\t\t});\n\t\tjQuery('#slider_ventajas').css('visibility', 'visible');\n\t\tsa_resize_slider_ventajas();\n\t\twindow.addEventListener('resize', sa_resize_slider_ventajas);\n\t\tfunction sa_resize_slider_ventajas() {\n\t\t\tvar min_height = '50';\n\t\t\tvar win_width = jQuery(window).width();\n\t\t\tvar slider_width = jQuery('#slider_ventajas').width();\n\t\t\tif (win_width < 480) {\n\t\t\t\tvar slide_width = slider_width \/ 1;\n\t\t\t} else if (win_width < 768) {\n\t\t\t\tvar slide_width = slider_width \/ 1;\n\t\t\t} else if (win_width < 980) {\n\t\t\t\tvar slide_width = slider_width \/ 1;\n\t\t\t} else if (win_width < 1200) {\n\t\t\t\tvar slide_width = slider_width \/ 2;\n\t\t\t} else if (win_width < 1500) {\n\t\t\t\tvar slide_width = slider_width \/ 3;\n\t\t\t} else {\n\t\t\t\tvar slide_width = slider_width \/ 3;\n\t\t\t}\n\t\t\tslide_width = Math.round(slide_width);\n\t\t\tvar slide_height = '0';\n\t\t\tif (min_height == 'aspect43') {\n\t\t\t\tslide_height = (slide_width \/ 4) * 3;\t\t\t\tslide_height = Math.round(slide_height);\n\t\t\t} else if (min_height == 'aspect169') {\n\t\t\t\tslide_height = (slide_width \/ 16) * 9;\t\t\t\tslide_height = Math.round(slide_height);\n\t\t\t} else {\n\t\t\t\tslide_height = (slide_width \/ 100) * min_height;\t\t\t\tslide_height = Math.round(slide_height);\n\t\t\t}\n\t\t\tjQuery('#slider_ventajas .owl-item .sa_hover_container').css('min-height', slide_height+'px');\n\t\t}\n\t\tvar owl_goto = jQuery('#slider_ventajas');\n\t\tjQuery('.slider_ventajas_goto1').click(function(event){\n\t\t\towl_goto.trigger('to.owl.carousel', 0);\n\t\t});\n\t\tjQuery('.slider_ventajas_goto2').click(function(event){\n\t\t\towl_goto.trigger('to.owl.carousel', 1);\n\t\t});\n\t\tjQuery('.slider_ventajas_goto3').click(function(event){\n\t\t\towl_goto.trigger('to.owl.carousel', 2);\n\t\t});\n\t\tjQuery('.slider_ventajas_goto4').click(function(event){\n\t\t\towl_goto.trigger('to.owl.carousel', 3);\n\t\t});\n\t\tjQuery('.slider_ventajas_goto5').click(function(event){\n\t\t\towl_goto.trigger('to.owl.carousel', 4);\n\t\t});\n\t\tvar resize_7541 = jQuery('.owl-carousel');\n\t\tresize_7541.on('initialized.owl.carousel', function(e) {\n\t\t\tif (typeof(Event) === 'function') {\n\t\t\t\twindow.dispatchEvent(new Event('resize'));\n\t\t\t} else {\n\t\t\t\tvar evt = window.document.createEvent('UIEvents');\n\t\t\t\tevt.initUIEvent('resize', true, false, window, 0);\n\t\t\t\twindow.dispatchEvent(evt);\n\t\t\t}\n\t\t});\n\t});\n<\/script>\n\n<h2 style=\"text-align: center;\">Des chambres pour chaque type de s\u00e9jour<\/h2>\n<p style=\"text-align: center;\">Que ce soit un voyage en solo, une escapade entre amis ou en famille, ou un s\u00e9jour professionnel, le Praktik Garden a une chambre faite pour vous. Simples, doubles ou triples, toutes offrent un design confortable et fonctionnel, cr\u00e9\u00e9es pour se reposer apr\u00e8s une journ\u00e9e \u00e0 explorer la ville.<\/p>\n<div class='white' style='background:rgb(255, 255, 255); border:solid 0px rgb(255, 255, 255); border-radius:0px; padding:8px 8px 8px 8px;'>\n<div id='nuestrashabitaciones_slider' class='owl-carousel sa_owl_theme owl-pagination-true autohide-arrows' data-slider-id='nuestrashabitaciones_slider' style='visibility:hidden;'>\n<div class='nuestrashabitaciones_slider_slide01 sa_hover_container' style='padding:5% 0%; margin:0px 1%; background-color:rgb(255, 255, 255); '><div>\r\n<p><img decoding=\"async\" class=\"alignnone wp-image-13341 size-full\" src=\"https:\/\/www.hotelpraktikgarden.com\/wp-content\/uploads\/sites\/21\/INDIVIDUAL-SMALL.jpg\" alt=\"HOTEL PRAKTIK GARDEN HABITACION INDIVIDUAL\" width=\"1200\" height=\"800\" srcset=\"https:\/\/www.hotelpraktikgarden.com\/wp-content\/uploads\/sites\/21\/INDIVIDUAL-SMALL.jpg 1200w, https:\/\/www.hotelpraktikgarden.com\/wp-content\/uploads\/sites\/21\/INDIVIDUAL-SMALL-768x512.jpg 768w\" sizes=\"(max-width: 1200px) 100vw, 1200px\" \/><\/p>\r\n<\/div>\r\n<h4>Chambre Individuelle<\/h4>\r\n<p>Confortable et agr\u00e9able.<\/p>\r\n<div><a class=\"sa_btn tve_evt_manager_listen tve_et_click\" href=\"https:\/\/www.hotelpraktikgarden.com\/es\/?tcb_lightbox=fr-lightbox-habitacion-individual\" target=\"_blank\" rel=\"nofollow noopener\" data-tcb-events=\"__TCB_EVENT_[{&quot;a&quot;:&quot;thrive_lightbox&quot;,&quot;config&quot;:{&quot;l_id&quot;:7518,&quot;id&quot;:7518},&quot;t&quot;:&quot;click&quot;}]_TNEVE_BCT__\">VOIR CHAMBRE<\/a><\/div><\/div>\n<div class='nuestrashabitaciones_slider_slide02 sa_hover_container' style='padding:5% 0%; margin:0px 1%; background-color:rgb(255, 255, 255); '><div>\r\n<p><img decoding=\"async\" class=\"alignnone wp-image-13377 size-full\" src=\"https:\/\/www.hotelpraktikgarden.com\/wp-content\/uploads\/sites\/21\/DOBLE-ECONOMICA-SMALL.jpg\" alt=\"HOTEL PRAKTIK GARDEN HABITACION DOBLE ECONOMICA\" width=\"1200\" height=\"800\" srcset=\"https:\/\/www.hotelpraktikgarden.com\/wp-content\/uploads\/sites\/21\/DOBLE-ECONOMICA-SMALL.jpg 1200w, https:\/\/www.hotelpraktikgarden.com\/wp-content\/uploads\/sites\/21\/DOBLE-ECONOMICA-SMALL-768x512.jpg 768w\" sizes=\"(max-width: 1200px) 100vw, 1200px\" \/><\/p>\r\n<\/div>\r\n<h4>Chambre Double \u00c9conomique<\/h4>\r\n<p>Parfaite pour se relaxer en toute tranquillit\u00e9.<\/p>\r\n<div><a class=\"sa_btn tve_evt_manager_listen tve_et_click\" href=\"https:\/\/www.hotelpraktikgarden.com\/es\/?tcb_lightbox=fr-lightbox-habitacion-doble-economica\" target=\"_blank\" rel=\"nofollow noopener\" data-tcb-events=\"__TCB_EVENT_[{&quot;a&quot;:&quot;thrive_lightbox&quot;,&quot;config&quot;:{&quot;l_id&quot;:7519,&quot;id&quot;:7519},&quot;t&quot;:&quot;click&quot;}]_TNEVE_BCT__\">VOIR CHAMBRE<\/a><\/div><\/div>\n<div class='nuestrashabitaciones_slider_slide03 sa_hover_container' style='padding:5% 0%; margin:0px 1%; background-color:rgb(255, 255, 255); '><div>\r\n<p><img decoding=\"async\" class=\"alignnone wp-image-13383 size-full\" src=\"https:\/\/www.hotelpraktikgarden.com\/wp-content\/uploads\/sites\/21\/DOBLE-EXTERIOR_3-SMALL.jpg\" alt=\"HOTEL PRAKTIK GARDEN HABITACION DOBLE EXTERIOR\" width=\"1200\" height=\"800\" srcset=\"https:\/\/www.hotelpraktikgarden.com\/wp-content\/uploads\/sites\/21\/DOBLE-EXTERIOR_3-SMALL.jpg 1200w, https:\/\/www.hotelpraktikgarden.com\/wp-content\/uploads\/sites\/21\/DOBLE-EXTERIOR_3-SMALL-768x512.jpg 768w\" sizes=\"(max-width: 1200px) 100vw, 1200px\" \/><\/p>\r\n<\/div>\r\n<h4>Chambre Double Ext\u00e9rieure<\/h4>\r\n<p>Espace avec balcon typique de l'Eixample.<\/p>\r\n<div><a class=\"sa_btn tve_evt_manager_listen tve_et_click\" href=\"https:\/\/www.hotelpraktikgarden.com\/es\/?tcb_lightbox=fr-lightbox-habitacion-doble-exterior\" target=\"_blank\" rel=\"nofollow noopener\" data-tcb-events=\"__TCB_EVENT_[{&quot;a&quot;:&quot;thrive_lightbox&quot;,&quot;config&quot;:{&quot;l_id&quot;:7520,&quot;id&quot;:7520},&quot;t&quot;:&quot;click&quot;}]_TNEVE_BCT__\">VOIRE CHAMBRE<\/a><\/div><\/div>\n<div class='nuestrashabitaciones_slider_slide04 sa_hover_container' style='padding:5% 0%; margin:0px 1%; '><div>\r\n<p><img decoding=\"async\" class=\"alignnone wp-image-13359 size-full\" src=\"https:\/\/www.hotelpraktikgarden.com\/wp-content\/uploads\/sites\/21\/DOBLE-SUPERIOR_2-SMALL.jpg\" alt=\"HOTEL-PRAKTIK-GARDEN-BARCELONA-HABITACION-DOBLE-SUPERIOR\" width=\"1200\" height=\"800\" srcset=\"https:\/\/www.hotelpraktikgarden.com\/wp-content\/uploads\/sites\/21\/DOBLE-SUPERIOR_2-SMALL.jpg 1200w, https:\/\/www.hotelpraktikgarden.com\/wp-content\/uploads\/sites\/21\/DOBLE-SUPERIOR_2-SMALL-768x512.jpg 768w\" sizes=\"(max-width: 1200px) 100vw, 1200px\" \/><\/p>\r\n<\/div>\r\n<h4>Chambre Double Sup\u00e9rieure<\/h4>\r\n<p>Lumi\u00e8re naturelle et terrasse priv\u00e9e.<\/p>\r\n<div><a class=\"sa_btn tve_evt_manager_listen tve_et_click\" href=\"https:\/\/www.hotelpraktikgarden.com\/es\/?tcb_lightbox=fr-lightbox-habitacion-doble-superior\" target=\"_blank\" rel=\"nofollow noopener\" data-tcb-events=\"__TCB_EVENT_[{&quot;a&quot;:&quot;thrive_lightbox&quot;,&quot;config&quot;:{&quot;l_id&quot;:7521,&quot;id&quot;:7521},&quot;t&quot;:&quot;click&quot;}]_TNEVE_BCT__\">VOIRE CHAMBRE<\/a><\/div><\/div>\n<div class='nuestrashabitaciones_slider_slide05 sa_hover_container' style='padding:5% 0%; margin:0px 1%; '><div>\r\n<p><img decoding=\"async\" class=\"alignnone size-full wp-image-11764\" src=\"https:\/\/www.hotelpraktikgarden.com\/wp-content\/uploads\/sites\/21\/HOTEL-PRAKTIK-GARDEN-BARCELONA-SUPERIOR-DOUBLE-ROOM-10.jpg\" alt=\"HOTEL-PRAKTIK-GARDEN-BARCELONA-SUPERIOR-DOUBLE-ROOM-10\" width=\"2048\" height=\"1365\" srcset=\"https:\/\/www.hotelpraktikgarden.com\/wp-content\/uploads\/sites\/21\/\/HOTEL-PRAKTIK-GARDEN-BARCELONA-SUPERIOR-DOUBLE-ROOM-10.jpg 2048w, https:\/\/www.hotelpraktikgarden.com\/wp-content\/uploads\/sites\/21\/\/HOTEL-PRAKTIK-GARDEN-BARCELONA-SUPERIOR-DOUBLE-ROOM-10-768x512.jpg 768w, https:\/\/www.hotelpraktikgarden.com\/wp-content\/uploads\/sites\/21\/\/HOTEL-PRAKTIK-GARDEN-BARCELONA-SUPERIOR-DOUBLE-ROOM-10-1536x1024.jpg 1536w\" sizes=\"(max-width: 2048px) 100vw, 2048px\" \/><\/p>\r\n<\/div>\r\n<h4>Chambre Suite<\/h4>\r\n<p>Chambres avec de la personnalit\u00e9 et du style, con\u00e7ues par L\u00e1zaro Rosa-Viol\u00e1n.<\/p>\r\n<div><a class=\"sa_btn tve_evt_manager_listen tve_et_click\" href=\"https:\/\/www.hotelpraktikgarden.com\/es\/?tcb_lightbox=fr-lightbox-habitacion-suite\" target=\"_blank\" rel=\"nofollow noopener\" data-tcb-events=\"__TCB_EVENT_[{&quot;a&quot;:&quot;thrive_lightbox&quot;,&quot;config&quot;:{&quot;l_id&quot;:7522,&quot;id&quot;:7522},&quot;t&quot;:&quot;click&quot;}]_TNEVE_BCT__\">VOIRE CHAMBRE<\/a><\/div><\/div>\n<div class='nuestrashabitaciones_slider_slide06 sa_hover_container' style='padding:5% 0%; margin:0px 1%; '><div>\r\n<p><img decoding=\"async\" class=\"alignnone wp-image-13678 size-full\" src=\"https:\/\/www.hotelpraktikgarden.com\/wp-content\/uploads\/sites\/21\/0G6A0745_web-2.jpg\" alt=\"\" width=\"2085\" height=\"1390\" srcset=\"https:\/\/www.hotelpraktikgarden.com\/wp-content\/uploads\/sites\/21\/0G6A0745_web-2.jpg 2085w, https:\/\/www.hotelpraktikgarden.com\/wp-content\/uploads\/sites\/21\/0G6A0745_web-2-768x512.jpg 768w, https:\/\/www.hotelpraktikgarden.com\/wp-content\/uploads\/sites\/21\/0G6A0745_web-2-1536x1024.jpg 1536w, https:\/\/www.hotelpraktikgarden.com\/wp-content\/uploads\/sites\/21\/0G6A0745_web-2-2048x1365.jpg 2048w\" sizes=\"(max-width: 2085px) 100vw, 2085px\" \/><\/p>\r\n<\/div>\r\n<h4>Chambre triple<\/h4>\r\n<p>Design et vue sur la ville<\/p>\r\n<div><a class=\"sa_btn tve_evt_manager_listen tve_et_click\" href=\"https:\/\/www.hotelpraktikgarden.com\/es\/?tcb_lightbox=es-lightbox-habitacion-triple\" rel=\"nofollow noopener\" data-tcb-events=\"__TCB_EVENT_[{&quot;a&quot;:&quot;thrive_lightbox&quot;,&quot;config&quot;:{&quot;l_id&quot;:13574,&quot;id&quot;:13574},&quot;t&quot;:&quot;click&quot;}]_TNEVE_BCT__\">VOIRE CHAMBRE<\/a><\/div><\/div>\n<\/div>\n<\/div>\n<script type='text\/javascript'>\n\tjQuery(document).ready(function() {\n\t\tjQuery('#nuestrashabitaciones_slider').owlCarousel({\n\t\t\tresponsive:{\n\t\t\t\t0:{ items:1 },\n\t\t\t\t480:{ items:2 },\n\t\t\t\t768:{ items:2 },\n\t\t\t\t980:{ items:2 },\n\t\t\t\t1200:{ items:2 },\n\t\t\t\t1500:{ items:2 }\n\t\t\t},\n\t\t\tautoplay : true,\n\t\t\tautoplayTimeout : 6000,\n\t\t\tautoplayHoverPause : true,\n\t\t\tsmartSpeed : 1000,\n\t\t\tfluidSpeed : 1000,\n\t\t\tautoplaySpeed : 1000,\n\t\t\tnavSpeed : 1000,\n\t\t\tdotsSpeed : 1000,\n\t\t\tdotsEach : 1,\n\t\t\tloop : true,\n\t\t\tnav : false,\n\t\t\tnavText : ['Previous','Next'],\n\t\t\tdots : true,\n\t\t\tresponsiveRefreshRate : 200,\n\t\t\tslideBy : 1,\n\t\t\tmergeFit : true,\n\t\t\tautoHeight : false,\n\t\t\tmouseDrag : true,\n\t\t\ttouchDrag : true\n\t\t});\n\t\tjQuery('#nuestrashabitaciones_slider').css('visibility', 'visible');\n\t\tsa_resize_nuestrashabitaciones_slider();\n\t\twindow.addEventListener('resize', sa_resize_nuestrashabitaciones_slider);\n\t\tfunction sa_resize_nuestrashabitaciones_slider() {\n\t\t\tvar min_height = '50';\n\t\t\tvar win_width = jQuery(window).width();\n\t\t\tvar slider_width = jQuery('#nuestrashabitaciones_slider').width();\n\t\t\tif (win_width < 480) {\n\t\t\t\tvar slide_width = slider_width \/ 1;\n\t\t\t} else if (win_width < 768) {\n\t\t\t\tvar slide_width = slider_width \/ 2;\n\t\t\t} else if (win_width < 980) {\n\t\t\t\tvar slide_width = slider_width \/ 2;\n\t\t\t} else if (win_width < 1200) {\n\t\t\t\tvar slide_width = slider_width \/ 2;\n\t\t\t} else if (win_width < 1500) {\n\t\t\t\tvar slide_width = slider_width \/ 2;\n\t\t\t} else {\n\t\t\t\tvar slide_width = slider_width \/ 2;\n\t\t\t}\n\t\t\tslide_width = Math.round(slide_width);\n\t\t\tvar slide_height = '0';\n\t\t\tif (min_height == 'aspect43') {\n\t\t\t\tslide_height = (slide_width \/ 4) * 3;\t\t\t\tslide_height = Math.round(slide_height);\n\t\t\t} else if (min_height == 'aspect169') {\n\t\t\t\tslide_height = (slide_width \/ 16) * 9;\t\t\t\tslide_height = Math.round(slide_height);\n\t\t\t} else {\n\t\t\t\tslide_height = (slide_width \/ 100) * min_height;\t\t\t\tslide_height = Math.round(slide_height);\n\t\t\t}\n\t\t\tjQuery('#nuestrashabitaciones_slider .owl-item .sa_hover_container').css('min-height', slide_height+'px');\n\t\t}\n\t\tvar owl_goto = jQuery('#nuestrashabitaciones_slider');\n\t\tjQuery('.nuestrashabitaciones_slider_goto1').click(function(event){\n\t\t\towl_goto.trigger('to.owl.carousel', 0);\n\t\t});\n\t\tjQuery('.nuestrashabitaciones_slider_goto2').click(function(event){\n\t\t\towl_goto.trigger('to.owl.carousel', 1);\n\t\t});\n\t\tjQuery('.nuestrashabitaciones_slider_goto3').click(function(event){\n\t\t\towl_goto.trigger('to.owl.carousel', 2);\n\t\t});\n\t\tjQuery('.nuestrashabitaciones_slider_goto4').click(function(event){\n\t\t\towl_goto.trigger('to.owl.carousel', 3);\n\t\t});\n\t\tjQuery('.nuestrashabitaciones_slider_goto5').click(function(event){\n\t\t\towl_goto.trigger('to.owl.carousel', 4);\n\t\t});\n\t\tjQuery('.nuestrashabitaciones_slider_goto6').click(function(event){\n\t\t\towl_goto.trigger('to.owl.carousel', 5);\n\t\t});\n\t\tvar resize_7543 = jQuery('.owl-carousel');\n\t\tresize_7543.on('initialized.owl.carousel', function(e) {\n\t\t\tif (typeof(Event) === 'function') {\n\t\t\t\twindow.dispatchEvent(new Event('resize'));\n\t\t\t} else {\n\t\t\t\tvar evt = window.document.createEvent('UIEvents');\n\t\t\t\tevt.initUIEvent('resize', true, false, window, 0);\n\t\t\t\twindow.dispatchEvent(evt);\n\t\t\t}\n\t\t});\n\t});\n<\/script>\n\n<h2 style=\"text-align: center;\">Vous recherchez un h\u00f4tel \u00e0 Barcelone ?<\/h2>\n<p style=\"text-align: center;\">Praktik vous propose cinq h\u00f4tels diff\u00e9rents, pour vivre votre s\u00e9jour \u00e0 votre guise.<\/p>\n<p style=\"text-align: center;\">Les H\u00f4tels Praktik partagent la m\u00eame philosophie, le souci du d\u00e9tail et la praticit\u00e9, mais chacun avec sa propre personnalit\u00e9. Modernes, eco-friendly et th\u00e9matiques, vous trouverez notre h\u00f4tel au sein du quartier Eixample \u00e0 Barcelone.<\/p>\n<div class='white' style='background:rgb(255, 255, 255); border:solid 0px rgb(255, 255, 255); border-radius:0px; padding:8px 8px 8px 8px;'>\n<div id='FRAnuestroshoteles_slider' class='owl-carousel sa_owl_theme owl-pagination-true autohide-arrows' data-slider-id='FRAnuestroshoteles_slider' style='visibility:hidden;'>\n<div id='FRAnuestroshoteles_slider_slide01' class='sa_hover_container' style='padding:5% 0%; margin:0px 2%; background-color:rgb(255, 255, 255); '><div>\r\n<p><img decoding=\"async\" class=\"alignnone size-full wp-image-8394\" src=\"https:\/\/www.hotelpraktikgarden.com\/wp-content\/uploads\/sites\/21\/2022\/11\/HOTEL-PRAKTIK-ESSENS-BARCELONA-1.jpg\" alt=\"HOTEL-PRAKTIK-ESSENS-BARCELONA\" width=\"1200\" height=\"801\" \/><\/p>\r\n<\/div>\r\n<img decoding=\"async\" class=\"slider-logos\" src=\"https:\/\/www.hotelpraktikgarden.com\/wp-content\/uploads\/sites\/21\/logoessens02.png\" alt=\"logo Hotel Essens\" width=\"240\" height=\"60\" \/>\r\n<p>L'essence de Barcelone sur le Paseo de Gracia, son emplacement privil\u00e9gi\u00e9 vous permet de vous rendre \u00e0 pied depuis l'h\u00f4tel \u00e0 la Pedrera ou \u00e0 la Casa Batll\u00f3.<\/p>\r\n<div><a class=\"sa_btn\" href=\"https:\/\/www.hotelpraktikessens.com\/fr\/\" target=\"_blank\" rel=\"noopener\">VISITEZ-LE<\/a><\/div><\/div>\n<div id='FRAnuestroshoteles_slider_slide04' class='sa_hover_container' style='padding:5% 0%; margin:0px 2%; '><div>\r\n<p><img decoding=\"async\" class=\"size-full wp-image-415\" src=\"https:\/\/www.hotelpraktikgarden.com\/wp-content\/uploads\/sites\/21\/2022\/11\/vinoteca-hotel.jpg\" alt=\"Hotel Praktik Vinoteca\" width=\"1200\" height=\"800\" \/><\/p>\r\n<\/div>\r\n<img decoding=\"async\" class=\"slider-logos\" src=\"https:\/\/www.hotelpraktikgarden.com\/wp-content\/uploads\/sites\/21\/logovinoteca02.png\" alt=\"logo Hotel Vinoteca\" width=\"240\" height=\"60\" \/>\r\n<p>Un des h\u00f4tels incontournables de Barcelone pour les amateurs de vin, situ\u00e9 dans le quartier l'Eixample. Vivez une exp\u00e9rience vinicole unique !<\/p>\r\n<div><a class=\"sa_btn\" href=\"https:\/\/www.hotelpraktikvinoteca.com\/fr\/\" target=\"_blank\" rel=\"noopener\">VISITEZ-LE<\/a><\/div><\/div>\n<div id='FRAnuestroshoteles_slider_slide03' class='sa_hover_container' style='padding:5% 0%; margin:0px 2%; background-color:rgb(255, 255, 255); '><div>\r\n<p><img decoding=\"async\" class=\"aligncenter size-full wp-image-4544\" src=\"https:\/\/www.hotelpraktikgarden.com\/wp-content\/uploads\/sites\/21\/2022\/11\/BAKERY.jpg\" alt=\"Hotel Praktik Bakery\" width=\"800\" height=\"526\" \/><\/p>\r\n<\/div>\r\n<img decoding=\"async\" class=\"slider-logos\" src=\"https:\/\/www.hotelpraktikgarden.com\/wp-content\/uploads\/sites\/21\/logobakery02.png\" alt=\"logo Hotel Bakery\" width=\"240\" height=\"60\" \/>\r\n<p>Le premier h\u00f4tel-boulangerie au monde. R\u00e9servez une chambre dans cet h\u00f4tel unique situ\u00e9 \u00e0 Barcelone et appr\u00e9ciez l'odeur du pain fra\u00eechement sorti du four !<\/p>\r\n<div><a class=\"sa_btn\" href=\"https:\/\/www.hotelpraktikbakery.com\/fr\/\" target=\"_blank\" rel=\"noopener\">VISITEZ-LE<\/a><\/div><\/div>\n<div id='FRAnuestroshoteles_slider_slide02' class='sa_hover_container' style='padding:5% 0%; margin:0px 2%; background-color:rgb(255, 255, 255); '><div>\r\n<p><img decoding=\"async\" class=\"aligncenter size-full wp-image-4544\" src=\"https:\/\/www.hotelpraktikgarden.com\/wp-content\/uploads\/sites\/18\/2022\/11\/HOTEL-PRAKTIK-RAMBLA-BARCELONA_TERRAZA.jpg\" alt=\"Hotel Praktik Rambla\" width=\"800\" height=\"526\" \/><\/p>\r\n<\/div>\r\n<img decoding=\"async\" class=\"slider-logos\" src=\"https:\/\/www.hotelpraktikgarden.com\/wp-content\/uploads\/sites\/18\/logorambla02.png\" alt=\"logo Hotel Rambla\" width=\"240\" height=\"60\" \/>\r\n<p>Vivez et sentez l'histoire du modernisme de l'int\u00e9rieur. S\u00e9journez dans l'un de nos h\u00f4tels les plus originaux de Barcelone, \u00e0 deux pas de la Place de Catalogne.<\/p>\r\n<div><a class=\"sa_btn\" href=\"https:\/\/www.hotelpraktikrambla.com\/fr\/\" target=\"_blank\" rel=\"noopener\">VISITEZ-LE<\/a><\/div><\/div>\n<\/div>\n<\/div>\n<script type='text\/javascript'>\n\tjQuery(document).ready(function() {\n\t\tjQuery('#FRAnuestroshoteles_slider').owlCarousel({\n\t\t\tresponsive:{\n\t\t\t\t0:{ items:1 },\n\t\t\t\t480:{ items:2 },\n\t\t\t\t768:{ items:3 },\n\t\t\t\t980:{ items:3 },\n\t\t\t\t1200:{ items:3 },\n\t\t\t\t1500:{ items:3 }\n\t\t\t},\n\t\t\tautoplay : true,\n\t\t\tautoplayTimeout : 4000,\n\t\t\tautoplayHoverPause : true,\n\t\t\tsmartSpeed : 300,\n\t\t\tfluidSpeed : 300,\n\t\t\tautoplaySpeed : 300,\n\t\t\tnavSpeed : 300,\n\t\t\tdotsSpeed : 300,\n\t\t\tdotsEach : 1,\n\t\t\tloop : true,\n\t\t\tnav : false,\n\t\t\tnavText : ['Previous','Next'],\n\t\t\tdots : true,\n\t\t\tresponsiveRefreshRate : 200,\n\t\t\tslideBy : 1,\n\t\t\tmergeFit : true,\n\t\t\tautoHeight : false,\n\t\t\tmouseDrag : true,\n\t\t\ttouchDrag : true\n\t\t});\n\t\tjQuery('#FRAnuestroshoteles_slider').css('visibility', 'visible');\n\t\tsa_resize_FRAnuestroshoteles_slider();\n\t\twindow.addEventListener('resize', sa_resize_FRAnuestroshoteles_slider);\n\t\tfunction sa_resize_FRAnuestroshoteles_slider() {\n\t\t\tvar min_height = '50';\n\t\t\tvar win_width = jQuery(window).width();\n\t\t\tvar slider_width = jQuery('#FRAnuestroshoteles_slider').width();\n\t\t\tif (win_width < 480) {\n\t\t\t\tvar slide_width = slider_width \/ 1;\n\t\t\t} else if (win_width < 768) {\n\t\t\t\tvar slide_width = slider_width \/ 2;\n\t\t\t} else if (win_width < 980) {\n\t\t\t\tvar slide_width = slider_width \/ 3;\n\t\t\t} else if (win_width < 1200) {\n\t\t\t\tvar slide_width = slider_width \/ 3;\n\t\t\t} else if (win_width < 1500) {\n\t\t\t\tvar slide_width = slider_width \/ 3;\n\t\t\t} else {\n\t\t\t\tvar slide_width = slider_width \/ 3;\n\t\t\t}\n\t\t\tslide_width = Math.round(slide_width);\n\t\t\tvar slide_height = '0';\n\t\t\tif (min_height == 'aspect43') {\n\t\t\t\tslide_height = (slide_width \/ 4) * 3;\t\t\t\tslide_height = Math.round(slide_height);\n\t\t\t} else if (min_height == 'aspect169') {\n\t\t\t\tslide_height = (slide_width \/ 16) * 9;\t\t\t\tslide_height = Math.round(slide_height);\n\t\t\t} else {\n\t\t\t\tslide_height = (slide_width \/ 100) * min_height;\t\t\t\tslide_height = Math.round(slide_height);\n\t\t\t}\n\t\t\tjQuery('#FRAnuestroshoteles_slider .owl-item .sa_hover_container').css('min-height', slide_height+'px');\n\t\t}\n\t\tvar owl_goto = jQuery('#FRAnuestroshoteles_slider');\n\t\tjQuery('.FRAnuestroshoteles_slider_goto1').click(function(event){\n\t\t\towl_goto.trigger('to.owl.carousel', 0);\n\t\t});\n\t\tjQuery('.FRAnuestroshoteles_slider_goto2').click(function(event){\n\t\t\towl_goto.trigger('to.owl.carousel', 1);\n\t\t});\n\t\tjQuery('.FRAnuestroshoteles_slider_goto3').click(function(event){\n\t\t\towl_goto.trigger('to.owl.carousel', 2);\n\t\t});\n\t\tjQuery('.FRAnuestroshoteles_slider_goto4').click(function(event){\n\t\t\towl_goto.trigger('to.owl.carousel', 3);\n\t\t});\n\t\tvar resize_7540 = jQuery('.owl-carousel');\n\t\tresize_7540.on('initialized.owl.carousel', function(e) {\n\t\t\tif (typeof(Event) === 'function') {\n\t\t\t\twindow.dispatchEvent(new Event('resize'));\n\t\t\t} else {\n\t\t\t\tvar evt = window.document.createEvent('UIEvents');\n\t\t\t\tevt.initUIEvent('resize', true, false, window, 0);\n\t\t\t\twindow.dispatchEvent(evt);\n\t\t\t}\n\t\t});\n\t});\n<\/script>\n\n<h2 style=\"text-align: center;\">D\u00e9couvrez la ville sous son c\u00f4t\u00e9 le plus vert<\/h2>\n<p style=\"text-align: center;\">Le Praktik Garden est situ\u00e9 dans l\u2019Eixample droit, un quartier qui m\u00eale architecture moderniste et nouveaux espaces pens\u00e9s pour la promenade. \u00c0 quelques minutes du Parc de la Ciutadella et de la super-\u00eele du Consell de Cent, son environnement invite \u00e0 fl\u00e2ner et \u00e0 d\u00e9couvrir quelques-uns des coins les plus verts de Barcelone. Entour\u00e9 de restaurants, de boutiques et bien reli\u00e9 par les transports publics, c\u2019est un point de d\u00e9part id\u00e9al pour parcourir la ville et profiter de l\u2019ambiance du centre sans longs trajets.<\/p>\n\n            <div \n                class=\"elfsight-widget-google-maps elfsight-widget\" \n                data-elfsight-google-maps-options=\"%7B%22categoriesEnabled%22%3Afalse%2C%22categories%22%3A%5B%7B%22value%22%3A%22%22%2C%22name%22%3A%22%20-%20None%20-%20%22%2C%22visible%22%3Afalse%7D%2C%7B%22nameProperty%22%3A%22name%22%2C%22duplicateAction%22%3Afalse%2C%22idProperty%22%3A%22value%22%2C%22properties%22%3A%5B%7B%22id%22%3A%22name%22%2C%22name%22%3A%22Name%22%2C%22type%22%3A%22text%22%2C%22defaultValue%22%3A%22%22%2C%22description%22%3A%22Set%20the%20category%20name.%22%7D%2C%7B%22id%22%3A%22value%22%2C%22name%22%3A%22Value%22%2C%22type%22%3A%22text%22%2C%22visible%22%3Afalse%7D%2C%7B%22id%22%3A%22icon%22%2C%22name%22%3A%22Icon%22%2C%22type%22%3A%22select%22%2C%22allowEmpty%22%3Atrue%2C%22select%22%3A%7B%22optionsSource%22%3A%22icons%22%2C%22options%22%3A%5B%7B%22value%22%3A%22%22%2C%22name%22%3A%22%20-%20None%20-%20%22%2C%22visible%22%3Afalse%7D%2C%7B%22value%22%3A%22285311f3-3d86-4895-b13a-0439dbac3c4d%22%2C%22name%22%3A%22https%3A%5C%2F%5C%2Fwww.hotelpraktikgarden.com%5C%2Fwp-content%5C%2Fuploads%5C%2Fsites%5C%2F21%5C%2F2022%5C%2F11%5C%2Fbakery-gmap.png%22%2C%22preview%22%3A%22https%3A%5C%2F%5C%2Fwww.hotelpraktikgarden.com%5C%2Fwp-content%5C%2Fuploads%5C%2Fsites%5C%2F21%5C%2F2022%5C%2F11%5C%2Fbakery-gmap.png%22%2C%22iconType%22%3A%22custom%22%2C%22iconLibrary%22%3A%22default%22%2C%22iconCustom%22%3A%22https%3A%5C%2F%5C%2Fwww.hotelpraktikgarden.com%5C%2Fwp-content%5C%2Fuploads%5C%2Fsites%5C%2F21%5C%2F2022%5C%2F11%5C%2Fbakery-gmap.png%22%2C%22iconColor%22%3A%22rgb%286%2C%20111%2C%20122%29%22%2C%22iconSize%22%3A32%7D%2C%7B%22value%22%3A%2268ce0f1e-891f-40a6-8b21-35bc58454e0f%22%2C%22name%22%3A%22https%3A%5C%2F%5C%2Fwww.hotelpraktikgarden.com%5C%2Fwp-content%5C%2Fuploads%5C%2Fsites%5C%2F21%5C%2F2022%5C%2F11%5C%2Fvinoteca-gmap.png%22%2C%22preview%22%3A%22https%3A%5C%2F%5C%2Fwww.hotelpraktikgarden.com%5C%2Fwp-content%5C%2Fuploads%5C%2Fsites%5C%2F21%5C%2F2022%5C%2F11%5C%2Fvinoteca-gmap.png%22%2C%22iconType%22%3A%22custom%22%2C%22iconLibrary%22%3A%22default%22%2C%22iconCustom%22%3A%22https%3A%5C%2F%5C%2Fwww.hotelpraktikgarden.com%5C%2Fwp-content%5C%2Fuploads%5C%2Fsites%5C%2F21%5C%2F2022%5C%2F11%5C%2Fvinoteca-gmap.png%22%2C%22iconColor%22%3A%22%22%2C%22iconSize%22%3A32%7D%2C%7B%22value%22%3A%22c50c6c99-ef8a-4fc7-b740-18f6ce4831cd%22%2C%22name%22%3A%22https%3A%5C%2F%5C%2Fwww.hotelpraktikgarden.com%5C%2Fwp-content%5C%2Fuploads%5C%2Fsites%5C%2F21%5C%2F2022%5C%2F11%5C%2Fgarden-gmap.png%22%2C%22preview%22%3A%22https%3A%5C%2F%5C%2Fwww.hotelpraktikgarden.com%5C%2Fwp-content%5C%2Fuploads%5C%2Fsites%5C%2F21%5C%2F2022%5C%2F11%5C%2Fgarden-gmap.png%22%2C%22iconType%22%3A%22custom%22%2C%22iconLibrary%22%3A%22default%22%2C%22iconCustom%22%3A%22https%3A%5C%2F%5C%2Fwww.hotelpraktikgarden.com%5C%2Fwp-content%5C%2Fuploads%5C%2Fsites%5C%2F21%5C%2F2022%5C%2F11%5C%2Fgarden-gmap.png%22%2C%22iconColor%22%3A%22%22%2C%22iconSize%22%3A32%7D%2C%7B%22value%22%3A%229a883a30-e05a-47ae-a5e6-8dd4bf3a3c78%22%2C%22name%22%3A%22https%3A%5C%2F%5C%2Fwww.hotelpraktikgarden.com%5C%2Fwp-content%5C%2Fuploads%5C%2Fsites%5C%2F21%5C%2F2022%5C%2F11%5C%2Frambla-gmap.png%22%2C%22preview%22%3A%22https%3A%5C%2F%5C%2Fwww.hotelpraktikgarden.com%5C%2Fwp-content%5C%2Fuploads%5C%2Fsites%5C%2F21%5C%2F2022%5C%2F11%5C%2Frambla-gmap.png%22%2C%22iconType%22%3A%22custom%22%2C%22iconLibrary%22%3A%22default%22%2C%22iconCustom%22%3A%22https%3A%5C%2F%5C%2Fwww.hotelpraktikgarden.com%5C%2Fwp-content%5C%2Fuploads%5C%2Fsites%5C%2F21%5C%2F2022%5C%2F11%5C%2Frambla-gmap.png%22%2C%22iconColor%22%3A%22%22%2C%22iconSize%22%3A32%7D%2C%7B%22value%22%3A%2270a38ab3-40fb-4e14-9a80-94f2170c4bf0%22%2C%22name%22%3A%22https%3A%5C%2F%5C%2Fwww.hotelpraktikgarden.com%5C%2Fwp-content%5C%2Fuploads%5C%2Fsites%5C%2F21%5C%2F2022%5C%2F11%5C%2Fessens-gmap.png%22%2C%22preview%22%3A%22https%3A%5C%2F%5C%2Fwww.hotelpraktikgarden.com%5C%2Fwp-content%5C%2Fuploads%5C%2Fsites%5C%2F21%5C%2F2022%5C%2F11%5C%2Fessens-gmap.png%22%2C%22iconType%22%3A%22custom%22%2C%22iconLibrary%22%3A%22default%22%2C%22iconCustom%22%3A%22https%3A%5C%2F%5C%2Fwww.hotelpraktikgarden.com%5C%2Fwp-content%5C%2Fuploads%5C%2Fsites%5C%2F21%5C%2F2022%5C%2F11%5C%2Fessens-gmap.png%22%2C%22iconColor%22%3A%22%22%2C%22iconSize%22%3A32%7D%5D%7D%2C%22defaultValue%22%3A%22%22%2C%22description%22%3A%22Choose%20a%20icon%20for%20the%20location.%22%7D%5D%2C%22name%22%3A%22Hoteles%20Praktik%22%2C%22value%22%3A%229b85f074-4b7c-4c37-a7b1-aaeabfc7779f%22%2C%22icon%22%3A%22%22%2C%22displayName%22%3A%22Hoteles%20Praktik%22%7D%5D%2C%22icons%22%3A%5B%7B%22value%22%3A%22%22%2C%22name%22%3A%22%20-%20None%20-%20%22%2C%22visible%22%3Afalse%7D%2C%7B%22value%22%3A%22285311f3-3d86-4895-b13a-0439dbac3c4d%22%2C%22name%22%3A%22https%3A%5C%2F%5C%2Fwww.hotelpraktikgarden.com%5C%2Fwp-content%5C%2Fuploads%5C%2Fsites%5C%2F21%5C%2F2022%5C%2F11%5C%2Fbakery-gmap.png%22%2C%22preview%22%3A%22https%3A%5C%2F%5C%2Fwww.hotelpraktikgarden.com%5C%2Fwp-content%5C%2Fuploads%5C%2Fsites%5C%2F21%5C%2F2022%5C%2F11%5C%2Fbakery-gmap.png%22%2C%22iconType%22%3A%22custom%22%2C%22iconLibrary%22%3A%22default%22%2C%22iconCustom%22%3A%22https%3A%5C%2F%5C%2Fwww.hotelpraktikgarden.com%5C%2Fwp-content%5C%2Fuploads%5C%2Fsites%5C%2F21%5C%2F2022%5C%2F11%5C%2Fbakery-gmap.png%22%2C%22iconColor%22%3A%22rgb%286%2C%20111%2C%20122%29%22%2C%22iconSize%22%3A32%7D%2C%7B%22value%22%3A%2268ce0f1e-891f-40a6-8b21-35bc58454e0f%22%2C%22name%22%3A%22https%3A%5C%2F%5C%2Fwww.hotelpraktikgarden.com%5C%2Fwp-content%5C%2Fuploads%5C%2Fsites%5C%2F21%5C%2F2022%5C%2F11%5C%2Fvinoteca-gmap.png%22%2C%22preview%22%3A%22https%3A%5C%2F%5C%2Fwww.hotelpraktikgarden.com%5C%2Fwp-content%5C%2Fuploads%5C%2Fsites%5C%2F21%5C%2F2022%5C%2F11%5C%2Fvinoteca-gmap.png%22%2C%22iconType%22%3A%22custom%22%2C%22iconLibrary%22%3A%22default%22%2C%22iconCustom%22%3A%22https%3A%5C%2F%5C%2Fwww.hotelpraktikgarden.com%5C%2Fwp-content%5C%2Fuploads%5C%2Fsites%5C%2F21%5C%2F2022%5C%2F11%5C%2Fvinoteca-gmap.png%22%2C%22iconColor%22%3A%22%22%2C%22iconSize%22%3A32%7D%2C%7B%22value%22%3A%22c50c6c99-ef8a-4fc7-b740-18f6ce4831cd%22%2C%22name%22%3A%22https%3A%5C%2F%5C%2Fwww.hotelpraktikgarden.com%5C%2Fwp-content%5C%2Fuploads%5C%2Fsites%5C%2F21%5C%2F2022%5C%2F11%5C%2Fgarden-gmap.png%22%2C%22preview%22%3A%22https%3A%5C%2F%5C%2Fwww.hotelpraktikgarden.com%5C%2Fwp-content%5C%2Fuploads%5C%2Fsites%5C%2F21%5C%2F2022%5C%2F11%5C%2Fgarden-gmap.png%22%2C%22iconType%22%3A%22custom%22%2C%22iconLibrary%22%3A%22default%22%2C%22iconCustom%22%3A%22https%3A%5C%2F%5C%2Fwww.hotelpraktikgarden.com%5C%2Fwp-content%5C%2Fuploads%5C%2Fsites%5C%2F21%5C%2F2022%5C%2F11%5C%2Fgarden-gmap.png%22%2C%22iconColor%22%3A%22%22%2C%22iconSize%22%3A32%7D%2C%7B%22value%22%3A%229a883a30-e05a-47ae-a5e6-8dd4bf3a3c78%22%2C%22name%22%3A%22https%3A%5C%2F%5C%2Fwww.hotelpraktikgarden.com%5C%2Fwp-content%5C%2Fuploads%5C%2Fsites%5C%2F21%5C%2F2022%5C%2F11%5C%2Frambla-gmap.png%22%2C%22preview%22%3A%22https%3A%5C%2F%5C%2Fwww.hotelpraktikgarden.com%5C%2Fwp-content%5C%2Fuploads%5C%2Fsites%5C%2F21%5C%2F2022%5C%2F11%5C%2Frambla-gmap.png%22%2C%22iconType%22%3A%22custom%22%2C%22iconLibrary%22%3A%22default%22%2C%22iconCustom%22%3A%22https%3A%5C%2F%5C%2Fwww.hotelpraktikgarden.com%5C%2Fwp-content%5C%2Fuploads%5C%2Fsites%5C%2F21%5C%2F2022%5C%2F11%5C%2Frambla-gmap.png%22%2C%22iconColor%22%3A%22%22%2C%22iconSize%22%3A32%7D%2C%7B%22value%22%3A%2270a38ab3-40fb-4e14-9a80-94f2170c4bf0%22%2C%22name%22%3A%22https%3A%5C%2F%5C%2Fwww.hotelpraktikgarden.com%5C%2Fwp-content%5C%2Fuploads%5C%2Fsites%5C%2F21%5C%2F2022%5C%2F11%5C%2Fessens-gmap.png%22%2C%22preview%22%3A%22https%3A%5C%2F%5C%2Fwww.hotelpraktikgarden.com%5C%2Fwp-content%5C%2Fuploads%5C%2Fsites%5C%2F21%5C%2F2022%5C%2F11%5C%2Fessens-gmap.png%22%2C%22iconType%22%3A%22custom%22%2C%22iconLibrary%22%3A%22default%22%2C%22iconCustom%22%3A%22https%3A%5C%2F%5C%2Fwww.hotelpraktikgarden.com%5C%2Fwp-content%5C%2Fuploads%5C%2Fsites%5C%2F21%5C%2F2022%5C%2F11%5C%2Fessens-gmap.png%22%2C%22iconColor%22%3A%22%22%2C%22iconSize%22%3A32%7D%2C%7B%22value%22%3A%2202a7b46d-c264-45a9-8842-0ceb8a78aceb%22%2C%22name%22%3A%22https%3A%5C%2F%5C%2Fwww.hotelpraktikgarden.com%5C%2Fwp-content%5C%2Fuploads%5C%2Fsites%5C%2F21%5C%2F2022%5C%2F11%5C%2Fagbar-icon.png%22%2C%22preview%22%3A%22https%3A%5C%2F%5C%2Fwww.hotelpraktikgarden.com%5C%2Fwp-content%5C%2Fuploads%5C%2Fsites%5C%2F21%5C%2F2022%5C%2F11%5C%2Fagbar-icon.png%22%2C%22iconType%22%3A%22custom%22%2C%22iconLibrary%22%3A%22default%22%2C%22iconCustom%22%3A%22https%3A%5C%2F%5C%2Fwww.hotelpraktikgarden.com%5C%2Fwp-content%5C%2Fuploads%5C%2Fsites%5C%2F21%5C%2F2022%5C%2F11%5C%2Fagbar-icon.png%22%2C%22iconColor%22%3A%22%22%2C%22iconSize%22%3A70%7D%2C%7B%22value%22%3A%2204b9e5b3-7a0f-47c4-a6cf-d74122d285cc%22%2C%22name%22%3A%22https%3A%5C%2F%5C%2Fwww.hotelpraktikgarden.com%5C%2Fwp-content%5C%2Fuploads%5C%2Fsites%5C%2F21%5C%2F2022%5C%2F11%5C%2Farcdetriomf-icon-3.png%22%2C%22preview%22%3A%22https%3A%5C%2F%5C%2Fwww.hotelpraktikgarden.com%5C%2Fwp-content%5C%2Fuploads%5C%2Fsites%5C%2F21%5C%2F2022%5C%2F11%5C%2Farcdetriomf-icon-3.png%22%2C%22iconType%22%3A%22custom%22%2C%22iconLibrary%22%3A%22default%22%2C%22iconCustom%22%3A%22https%3A%5C%2F%5C%2Fwww.hotelpraktikgarden.com%5C%2Fwp-content%5C%2Fuploads%5C%2Fsites%5C%2F21%5C%2F2022%5C%2F11%5C%2Farcdetriomf-icon-3.png%22%2C%22iconColor%22%3A%22%22%2C%22iconSize%22%3A72%7D%2C%7B%22value%22%3A%22385e89c5-cfc3-4a0a-a89e-b7849cc30aa8%22%2C%22name%22%3A%22https%3A%5C%2F%5C%2Fwww.hotelpraktikgarden.com%5C%2Fwp-content%5C%2Fuploads%5C%2Fsites%5C%2F21%5C%2F2022%5C%2F11%5C%2Fbattlo-icon.png%22%2C%22preview%22%3A%22https%3A%5C%2F%5C%2Fwww.hotelpraktikgarden.com%5C%2Fwp-content%5C%2Fuploads%5C%2Fsites%5C%2F21%5C%2F2022%5C%2F11%5C%2Fbattlo-icon.png%22%2C%22iconType%22%3A%22custom%22%2C%22iconLibrary%22%3A%22default%22%2C%22iconCustom%22%3A%22https%3A%5C%2F%5C%2Fwww.hotelpraktikgarden.com%5C%2Fwp-content%5C%2Fuploads%5C%2Fsites%5C%2F21%5C%2F2022%5C%2F11%5C%2Fbattlo-icon.png%22%2C%22iconColor%22%3A%22%22%2C%22iconSize%22%3A72%7D%2C%7B%22value%22%3A%2242a63f8b-df91-472d-94ba-ad7a3bde8537%22%2C%22name%22%3A%22https%3A%5C%2F%5C%2Fwww.hotelpraktikgarden.com%5C%2Fwp-content%5C%2Fuploads%5C%2Fsites%5C%2F21%5C%2F2022%5C%2F11%5C%2Fcampnou-icon-2.png%22%2C%22preview%22%3A%22https%3A%5C%2F%5C%2Fwww.hotelpraktikgarden.com%5C%2Fwp-content%5C%2Fuploads%5C%2Fsites%5C%2F21%5C%2F2022%5C%2F11%5C%2Fcampnou-icon-2.png%22%2C%22iconType%22%3A%22custom%22%2C%22iconLibrary%22%3A%22default%22%2C%22iconCustom%22%3A%22https%3A%5C%2F%5C%2Fwww.hotelpraktikgarden.com%5C%2Fwp-content%5C%2Fuploads%5C%2Fsites%5C%2F21%5C%2F2022%5C%2F11%5C%2Fcampnou-icon-2.png%22%2C%22iconColor%22%3A%22%22%2C%22iconSize%22%3A72%7D%2C%7B%22value%22%3A%226e96838d-6132-4d0d-acf0-6c44ff8f3442%22%2C%22name%22%3A%22https%3A%5C%2F%5C%2Fwww.hotelpraktikgarden.com%5C%2Fwp-content%5C%2Fuploads%5C%2Fsites%5C%2F21%5C%2F2022%5C%2F11%5C%2Fcolon-icon-2.png%22%2C%22preview%22%3A%22https%3A%5C%2F%5C%2Fwww.hotelpraktikgarden.com%5C%2Fwp-content%5C%2Fuploads%5C%2Fsites%5C%2F21%5C%2F2022%5C%2F11%5C%2Fcolon-icon-2.png%22%2C%22iconType%22%3A%22custom%22%2C%22iconLibrary%22%3A%22default%22%2C%22iconCustom%22%3A%22https%3A%5C%2F%5C%2Fwww.hotelpraktikgarden.com%5C%2Fwp-content%5C%2Fuploads%5C%2Fsites%5C%2F21%5C%2F2022%5C%2F11%5C%2Fcolon-icon-2.png%22%2C%22iconColor%22%3A%22%22%2C%22iconSize%22%3A72%7D%2C%7B%22value%22%3A%222cd02f48-7827-4822-8b1e-0d78e55b2dc8%22%2C%22name%22%3A%22https%3A%5C%2F%5C%2Fwww.hotelpraktikgarden.com%5C%2Fwp-content%5C%2Fuploads%5C%2Fsites%5C%2F21%5C%2F2022%5C%2F11%5C%2Fliceu-icon-1.png%22%2C%22preview%22%3A%22https%3A%5C%2F%5C%2Fwww.hotelpraktikgarden.com%5C%2Fwp-content%5C%2Fuploads%5C%2Fsites%5C%2F21%5C%2F2022%5C%2F11%5C%2Fliceu-icon-1.png%22%2C%22iconType%22%3A%22custom%22%2C%22iconLibrary%22%3A%22default%22%2C%22iconCustom%22%3A%22https%3A%5C%2F%5C%2Fwww.hotelpraktikgarden.com%5C%2Fwp-content%5C%2Fuploads%5C%2Fsites%5C%2F21%5C%2F2022%5C%2F11%5C%2Fliceu-icon-1.png%22%2C%22iconColor%22%3A%22%22%2C%22iconSize%22%3A72%7D%2C%7B%22value%22%3A%226710f89e-b5d3-4713-a206-87b92567bea7%22%2C%22name%22%3A%22https%3A%5C%2F%5C%2Fwww.hotelpraktikgarden.com%5C%2Fwp-content%5C%2Fuploads%5C%2Fsites%5C%2F21%5C%2F2022%5C%2F11%5C%2Fmacba-icon-2.png%22%2C%22preview%22%3A%22https%3A%5C%2F%5C%2Fwww.hotelpraktikgarden.com%5C%2Fwp-content%5C%2Fuploads%5C%2Fsites%5C%2F21%5C%2F2022%5C%2F11%5C%2Fmacba-icon-2.png%22%2C%22iconType%22%3A%22custom%22%2C%22iconLibrary%22%3A%22default%22%2C%22iconCustom%22%3A%22https%3A%5C%2F%5C%2Fwww.hotelpraktikgarden.com%5C%2Fwp-content%5C%2Fuploads%5C%2Fsites%5C%2F21%5C%2F2022%5C%2F11%5C%2Fmacba-icon-2.png%22%2C%22iconColor%22%3A%22%22%2C%22iconSize%22%3A72%7D%2C%7B%22value%22%3A%221ba6b512-3084-4fd1-8ced-b8f9c97c0b80%22%2C%22name%22%3A%22https%3A%5C%2F%5C%2Fwww.hotelpraktikgarden.com%5C%2Fwp-content%5C%2Fuploads%5C%2Fsites%5C%2F21%5C%2F2022%5C%2F11%5C%2Fmapfre-icon.png%22%2C%22preview%22%3A%22https%3A%5C%2F%5C%2Fwww.hotelpraktikgarden.com%5C%2Fwp-content%5C%2Fuploads%5C%2Fsites%5C%2F21%5C%2F2022%5C%2F11%5C%2Fmapfre-icon.png%22%2C%22iconType%22%3A%22custom%22%2C%22iconLibrary%22%3A%22default%22%2C%22iconCustom%22%3A%22https%3A%5C%2F%5C%2Fwww.hotelpraktikgarden.com%5C%2Fwp-content%5C%2Fuploads%5C%2Fsites%5C%2F21%5C%2F2022%5C%2F11%5C%2Fmapfre-icon.png%22%2C%22iconColor%22%3A%22%22%2C%22iconSize%22%3A72%7D%2C%7B%22value%22%3A%22e3639dd3-1b6d-4c10-8c14-1b43ae4ff206%22%2C%22name%22%3A%22https%3A%5C%2F%5C%2Fwww.hotelpraktikgarden.com%5C%2Fwp-content%5C%2Fuploads%5C%2Fsites%5C%2F21%5C%2F2022%5C%2F11%5C%2Fpalau-icon.png%22%2C%22preview%22%3A%22https%3A%5C%2F%5C%2Fwww.hotelpraktikgarden.com%5C%2Fwp-content%5C%2Fuploads%5C%2Fsites%5C%2F21%5C%2F2022%5C%2F11%5C%2Fpalau-icon.png%22%2C%22iconType%22%3A%22custom%22%2C%22iconLibrary%22%3A%22default%22%2C%22iconCustom%22%3A%22https%3A%5C%2F%5C%2Fwww.hotelpraktikgarden.com%5C%2Fwp-content%5C%2Fuploads%5C%2Fsites%5C%2F21%5C%2F2022%5C%2F11%5C%2Fpalau-icon.png%22%2C%22iconColor%22%3A%22%22%2C%22iconSize%22%3A72%7D%2C%7B%22value%22%3A%225dfde4fc-9f95-4507-aac4-f1c2221c6d70%22%2C%22name%22%3A%22https%3A%5C%2F%5C%2Fwww.hotelpraktikgarden.com%5C%2Fwp-content%5C%2Fuploads%5C%2Fsites%5C%2F21%5C%2F2022%5C%2F11%5C%2Fparcguell-icon.png%22%2C%22preview%22%3A%22https%3A%5C%2F%5C%2Fwww.hotelpraktikgarden.com%5C%2Fwp-content%5C%2Fuploads%5C%2Fsites%5C%2F21%5C%2F2022%5C%2F11%5C%2Fparcguell-icon.png%22%2C%22iconType%22%3A%22custom%22%2C%22iconLibrary%22%3A%22default%22%2C%22iconCustom%22%3A%22https%3A%5C%2F%5C%2Fwww.hotelpraktikgarden.com%5C%2Fwp-content%5C%2Fuploads%5C%2Fsites%5C%2F21%5C%2F2022%5C%2F11%5C%2Fparcguell-icon.png%22%2C%22iconColor%22%3A%22%22%2C%22iconSize%22%3A72%7D%2C%7B%22value%22%3A%221be68ae2-0ddd-4ae5-a5a1-b21744a2d8b5%22%2C%22name%22%3A%22https%3A%5C%2F%5C%2Fwww.hotelpraktikgarden.com%5C%2Fwp-content%5C%2Fuploads%5C%2Fsites%5C%2F21%5C%2F2022%5C%2F11%5C%2Fpedrera-icon.png%22%2C%22preview%22%3A%22https%3A%5C%2F%5C%2Fwww.hotelpraktikgarden.com%5C%2Fwp-content%5C%2Fuploads%5C%2Fsites%5C%2F21%5C%2F2022%5C%2F11%5C%2Fpedrera-icon.png%22%2C%22iconType%22%3A%22custom%22%2C%22iconLibrary%22%3A%22default%22%2C%22iconCustom%22%3A%22https%3A%5C%2F%5C%2Fwww.hotelpraktikgarden.com%5C%2Fwp-content%5C%2Fuploads%5C%2Fsites%5C%2F21%5C%2F2022%5C%2F11%5C%2Fpedrera-icon.png%22%2C%22iconColor%22%3A%22%22%2C%22iconSize%22%3A72%7D%2C%7B%22value%22%3A%2221e493aa-5f2f-45e7-b6cc-a19379b51124%22%2C%22name%22%3A%22https%3A%5C%2F%5C%2Fwww.hotelpraktikgarden.com%5C%2Fwp-content%5C%2Fuploads%5C%2Fsites%5C%2F21%5C%2F2022%5C%2F11%5C%2Fsagradafamilia-icon.png%22%2C%22preview%22%3A%22https%3A%5C%2F%5C%2Fwww.hotelpraktikgarden.com%5C%2Fwp-content%5C%2Fuploads%5C%2Fsites%5C%2F21%5C%2F2022%5C%2F11%5C%2Fsagradafamilia-icon.png%22%2C%22iconType%22%3A%22custom%22%2C%22iconLibrary%22%3A%22default%22%2C%22iconCustom%22%3A%22https%3A%5C%2F%5C%2Fwww.hotelpraktikgarden.com%5C%2Fwp-content%5C%2Fuploads%5C%2Fsites%5C%2F21%5C%2F2022%5C%2F11%5C%2Fsagradafamilia-icon.png%22%2C%22iconColor%22%3A%22%22%2C%22iconSize%22%3A72%7D%2C%7B%22value%22%3A%223659f2b3-8929-4426-8337-12764c01b92b%22%2C%22name%22%3A%22https%3A%5C%2F%5C%2Fwww.hotelpraktikgarden.com%5C%2Fwp-content%5C%2Fuploads%5C%2Fsites%5C%2F21%5C%2F2022%5C%2F11%5C%2Fsagradocorazon-icon.png%22%2C%22preview%22%3A%22https%3A%5C%2F%5C%2Fwww.hotelpraktikgarden.com%5C%2Fwp-content%5C%2Fuploads%5C%2Fsites%5C%2F21%5C%2F2022%5C%2F11%5C%2Fsagradocorazon-icon.png%22%2C%22iconType%22%3A%22custom%22%2C%22iconLibrary%22%3A%22default%22%2C%22iconCustom%22%3A%22https%3A%5C%2F%5C%2Fwww.hotelpraktikgarden.com%5C%2Fwp-content%5C%2Fuploads%5C%2Fsites%5C%2F21%5C%2F2022%5C%2F11%5C%2Fsagradocorazon-icon.png%22%2C%22iconColor%22%3A%22%22%2C%22iconSize%22%3A72%7D%2C%7B%22value%22%3A%22fb26acea-6e6a-44a0-9cd6-9c8ebabb44aa%22%2C%22name%22%3A%22https%3A%5C%2F%5C%2Fwww.hotelpraktikgarden.com%5C%2Fwp-content%5C%2Fuploads%5C%2Fsites%5C%2F21%5C%2F2022%5C%2F11%5C%2Fsanjordi-icon.png%22%2C%22preview%22%3A%22https%3A%5C%2F%5C%2Fwww.hotelpraktikgarden.com%5C%2Fwp-content%5C%2Fuploads%5C%2Fsites%5C%2F21%5C%2F2022%5C%2F11%5C%2Fsanjordi-icon.png%22%2C%22iconType%22%3A%22custom%22%2C%22iconLibrary%22%3A%22default%22%2C%22iconCustom%22%3A%22https%3A%5C%2F%5C%2Fwww.hotelpraktikgarden.com%5C%2Fwp-content%5C%2Fuploads%5C%2Fsites%5C%2F21%5C%2F2022%5C%2F11%5C%2Fsanjordi-icon.png%22%2C%22iconColor%22%3A%22%22%2C%22iconSize%22%3A72%7D%5D%2C%22lang%22%3A%22en%22%2C%22distanceUnits%22%3A%22mi%22%2C%22markers%22%3A%5B%7B%22position%22%3A%22Passeig%20de%20Gr%5Cu00e0cia%2C%2092%2C%2008008%20Barcelona%22%2C%22coordinates%22%3A%2241.3954329%2C%202.1619855%22%2C%22infoTitle%22%3A%22La%20Pedrera%22%2C%22category%22%3A%22%22%2C%22icon%22%3A%221be68ae2-0ddd-4ae5-a5a1-b21744a2d8b5%22%2C%22infoDescription%22%3A%22%22%2C%22infoImage%22%3A%7B%22name%22%3A%22%22%2C%22url%22%3A%22%22%7D%2C%22infoAddress%22%3A%22%22%2C%22infoSite%22%3A%22%22%2C%22infoPhone%22%3A%22%22%2C%22infoEmail%22%3A%22%22%2C%22infoWorkingHours%22%3A%22%22%2C%22markerClickAction%22%3A%22infoWindow%22%2C%22infoWindowOpenedByDefault%22%3Afalse%2C%22linkUrl%22%3A%22%22%2C%22animation%22%3A%22none%22%7D%2C%7B%22position%22%3A%22Roger%20de%20Lluria%20123%2C%20Barcelona%22%2C%22coordinates%22%3A%2241.3967521%2C%202.1638276%22%2C%22infoTitle%22%3A%22Hotel%20Praktik%20Bakery%22%2C%22category%22%3A%229b85f074-4b7c-4c37-a7b1-aaeabfc7779f%22%2C%22icon%22%3A%22285311f3-3d86-4895-b13a-0439dbac3c4d%22%2C%22infoDescription%22%3A%22%22%2C%22infoImage%22%3A%22https%3A%5C%2F%5C%2Fwww.hotelpraktikgarden.com%5C%2Fwp-content%5C%2Fuploads%5C%2Fsites%5C%2F21%5C%2F2022%5C%2F11%5C%2FBAKERY.jpg%22%2C%22infoAddress%22%3A%22Calle%20Proven%5Cu00e7a%20279%2C%20Barcelona%22%2C%22infoSite%22%3A%22http%3A%5C%2F%5C%2Fwww.hotelpraktikbakery.com%5C%2Fes%22%2C%22infoPhone%22%3A%22%2B34%2093%20488%2000%2061%22%2C%22infoEmail%22%3A%22reservas%40hotelpraktikbakery.com%22%2C%22infoWorkingHours%22%3A%22%22%2C%22markerClickAction%22%3A%22infoWindow%22%2C%22infoWindowOpenedByDefault%22%3Afalse%2C%22linkUrl%22%3A%22%22%2C%22animation%22%3A%22drop%22%7D%2C%7B%22position%22%3A%22Calle%20Diputaci%5Cu00f3%20325%2C%20Barcelona%22%2C%22coordinates%22%3A%2241.39395%2C%202.1711785%22%2C%22infoTitle%22%3A%22Hotel%20Praktik%20Garden%22%2C%22category%22%3A%229b85f074-4b7c-4c37-a7b1-aaeabfc7779f%22%2C%22icon%22%3A%22c50c6c99-ef8a-4fc7-b740-18f6ce4831cd%22%2C%22infoDescription%22%3A%22%22%2C%22infoImage%22%3A%22https%3A%5C%2F%5C%2Fwww.hotelpraktikgarden.com%5C%2Fwp-content%5C%2Fuploads%5C%2Fsites%5C%2F21%5C%2F2022%5C%2F11%5C%2FGARDEN.jpg%22%2C%22infoAddress%22%3A%22Calle%20Diputaci%5Cu00f3%20325%2C%20Barcelona%22%2C%22infoSite%22%3A%22https%3A%5C%2F%5C%2Fhotelpraktikgarden.com%22%2C%22infoPhone%22%3A%22%2B34%2093%20467%2052%2079%22%2C%22infoEmail%22%3A%22reservas%40hotelpraktikgarden.com%22%2C%22infoWorkingHours%22%3A%22%22%2C%22markerClickAction%22%3A%22infoWindow%22%2C%22infoWindowOpenedByDefault%22%3Afalse%2C%22linkUrl%22%3A%22%22%2C%22animation%22%3A%22drop%22%7D%2C%7B%22position%22%3A%22Paseo%20de%20Gracia%2C%2024%2C%2008007%20Barcelona%22%2C%22coordinates%22%3A%2241.39030650000001%2C%202.1680629%22%2C%22infoTitle%22%3A%22Hotel%20Praktik%20%20%5Cu00c8ssens%22%2C%22category%22%3A%229b85f074-4b7c-4c37-a7b1-aaeabfc7779f%22%2C%22icon%22%3A%2270a38ab3-40fb-4e14-9a80-94f2170c4bf0%22%2C%22infoDescription%22%3A%22%22%2C%22infoImage%22%3A%22https%3A%5C%2F%5C%2Fwww.hotelpraktikgarden.com%5C%2Fwp-content%5C%2Fuploads%5C%2Fsites%5C%2F21%5C%2F2022%5C%2F11%5C%2Ffoto-essens.png%22%2C%22infoAddress%22%3A%22Paseo%20de%20Gracia%2C%2024%2C%2008007%20Barcelona%22%2C%22infoSite%22%3A%22https%3A%5C%2F%5C%2Fhotelpraktikessens.com%22%2C%22infoPhone%22%3A%22%2B34%20933%2042%2087%2030%22%2C%22infoEmail%22%3A%22reservas%40hotelpraktikessens.com%22%2C%22infoWorkingHours%22%3A%22%22%2C%22markerClickAction%22%3A%22infoWindow%22%2C%22infoWindowOpenedByDefault%22%3Afalse%2C%22linkUrl%22%3A%22%22%2C%22animation%22%3A%22drop%22%7D%2C%7B%22position%22%3A%22Rambla%20de%20Catalunya%2027%2C%20Barcelona%22%2C%22coordinates%22%3A%2241.3890045%2C%202.1658045%22%2C%22infoTitle%22%3A%22Hotel%20Praktik%20Rambla%22%2C%22category%22%3A%229b85f074-4b7c-4c37-a7b1-aaeabfc7779f%22%2C%22icon%22%3A%229a883a30-e05a-47ae-a5e6-8dd4bf3a3c78%22%2C%22infoDescription%22%3A%22%22%2C%22infoImage%22%3A%22https%3A%5C%2F%5C%2Fwww.hotelpraktikgarden.com%5C%2Fwp-content%5C%2Fuploads%5C%2Fsites%5C%2F21%5C%2F2022%5C%2F11%5C%2FRambla.jpg%22%2C%22infoAddress%22%3A%22Rambla%20de%20Catalunya%2027%2C%20Barcelona%22%2C%22infoSite%22%3A%22https%3A%5C%2F%5C%2Fwww.hotelpraktikrambla.com%22%2C%22infoPhone%22%3A%22%2B34%2093%20343%2066%2090%5Ct%22%2C%22infoEmail%22%3A%22reservas%40hotelpraktikrambla.com%22%2C%22infoWorkingHours%22%3A%22%22%2C%22markerClickAction%22%3A%22infoWindow%22%2C%22infoWindowOpenedByDefault%22%3Afalse%2C%22linkUrl%22%3A%22%22%2C%22animation%22%3A%22drop%22%7D%2C%7B%22position%22%3A%22Calle%20Balmes%2051%2C%20Barcelona%22%2C%22coordinates%22%3A%2241.3892563%2C%202.1623505%22%2C%22infoTitle%22%3A%22Hotel%20Praktik%20Vinoteca%22%2C%22category%22%3A%229b85f074-4b7c-4c37-a7b1-aaeabfc7779f%22%2C%22icon%22%3A%2268ce0f1e-891f-40a6-8b21-35bc58454e0f%22%2C%22infoDescription%22%3A%22%22%2C%22infoImage%22%3A%22https%3A%5C%2F%5C%2Fwww.hotelpraktikgarden.com%5C%2Fwp-content%5C%2Fuploads%5C%2Fsites%5C%2F21%5C%2F2022%5C%2F11%5C%2FVINOTECA.jpg%22%2C%22infoAddress%22%3A%22Calle%20Balmes%2051%2C%20Barcelona%22%2C%22infoSite%22%3A%22https%3A%5C%2F%5C%2Fhotelpraktikvinoteca.com%22%2C%22infoPhone%22%3A%22%2B34%2093%20454%2050%2028%22%2C%22infoEmail%22%3A%22reservas%40hotelpraktikvinoteca.com%22%2C%22infoWorkingHours%22%3A%22%22%2C%22markerClickAction%22%3A%22infoWindow%22%2C%22infoWindowOpenedByDefault%22%3Afalse%2C%22linkUrl%22%3A%22%22%2C%22animation%22%3A%22drop%22%7D%2C%7B%22position%22%3A%22C.%20d%27Ar%5Cu00edstides%20Maillol%2C%2012%2C%2008028%20Barcelona%22%2C%22coordinates%22%3A%2241.3800475%2C%202.1200696%22%2C%22infoTitle%22%3A%22Camp%20Nou%22%2C%22category%22%3A%22%22%2C%22icon%22%3A%2242a63f8b-df91-472d-94ba-ad7a3bde8537%22%2C%22infoDescription%22%3A%22%22%2C%22infoImage%22%3Anull%2C%22infoAddress%22%3A%22%22%2C%22infoSite%22%3A%22%22%2C%22infoPhone%22%3A%22%22%2C%22infoEmail%22%3A%22%22%2C%22infoWorkingHours%22%3A%22%22%2C%22markerClickAction%22%3A%22infoWindow%22%2C%22infoWindowOpenedByDefault%22%3Afalse%2C%22linkUrl%22%3A%22%22%2C%22animation%22%3A%22none%22%7D%2C%7B%22position%22%3A%22Pla%5Cu00e7a%20dels%20%5Cu00c0ngels%2C%201%2C%2008001%20Barcelona%22%2C%22coordinates%22%3A%2241.3832964%2C%202.1676853%22%2C%22infoTitle%22%3A%22Macba%2C%20Museu%20d%27Art%20Contemporani%20de%20Barcelona%22%2C%22category%22%3A%22%22%2C%22icon%22%3A%226710f89e-b5d3-4713-a206-87b92567bea7%22%2C%22infoDescription%22%3A%22%22%2C%22infoImage%22%3A%7B%22name%22%3A%22%22%2C%22url%22%3A%22%22%7D%2C%22infoAddress%22%3A%22%22%2C%22infoSite%22%3A%22%22%2C%22infoPhone%22%3A%22%22%2C%22infoEmail%22%3A%22%22%2C%22infoWorkingHours%22%3A%22%22%2C%22markerClickAction%22%3A%22infoWindow%22%2C%22infoWindowOpenedByDefault%22%3Afalse%2C%22linkUrl%22%3A%22%22%2C%22animation%22%3A%22none%22%7D%2C%7B%22position%22%3A%22Passeig%20de%20Gr%5Cu00e0cia%2C%2043%2C%2008007%20Barcelona%22%2C%22coordinates%22%3A%2241.3915843%2C%202.1648553%22%2C%22infoTitle%22%3A%22Casa%20Battl%5Cu00f3%22%2C%22category%22%3A%22%22%2C%22icon%22%3A%22385e89c5-cfc3-4a0a-a89e-b7849cc30aa8%22%2C%22infoDescription%22%3A%22%22%2C%22infoImage%22%3A%7B%22name%22%3A%22%22%2C%22url%22%3A%22%22%7D%2C%22infoAddress%22%3A%22%22%2C%22infoSite%22%3A%22%22%2C%22infoPhone%22%3A%22%22%2C%22infoEmail%22%3A%22%22%2C%22infoWorkingHours%22%3A%22%22%2C%22markerClickAction%22%3A%22infoWindow%22%2C%22infoWindowOpenedByDefault%22%3Afalse%2C%22linkUrl%22%3A%22%22%2C%22animation%22%3A%22none%22%7D%2C%7B%22position%22%3A%22Pla%5Cu00e7a%20Portal%20de%20la%20Pau%2C%20s%5C%2Fn%2C%2008001%20Barcelona%22%2C%22coordinates%22%3A%2241.3760039%2C%202.1771885%22%2C%22infoTitle%22%3A%22Estatua%20de%20Col%5Cu00f3n%22%2C%22category%22%3A%22%22%2C%22icon%22%3A%226e96838d-6132-4d0d-acf0-6c44ff8f3442%22%2C%22infoDescription%22%3A%22%22%2C%22infoImage%22%3A%7B%22name%22%3A%22%22%2C%22url%22%3A%22%22%7D%2C%22infoAddress%22%3A%22%22%2C%22infoSite%22%3A%22%22%2C%22infoPhone%22%3A%22%22%2C%22infoEmail%22%3A%22%22%2C%22infoWorkingHours%22%3A%22%22%2C%22markerClickAction%22%3A%22infoWindow%22%2C%22infoWindowOpenedByDefault%22%3Afalse%2C%22linkUrl%22%3A%22%22%2C%22animation%22%3A%22none%22%7D%2C%7B%22position%22%3A%22La%20Rambla%2C%2051-59%2C%2008002%20Barcelona%22%2C%22coordinates%22%3A%2241.3802333%2C%202.1736993%22%2C%22infoTitle%22%3A%22Teatre%20del%20Liceu%22%2C%22category%22%3A%22%22%2C%22icon%22%3A%222cd02f48-7827-4822-8b1e-0d78e55b2dc8%22%2C%22infoDescription%22%3A%22%22%2C%22infoImage%22%3A%7B%22name%22%3A%22%22%2C%22url%22%3A%22%22%7D%2C%22infoAddress%22%3A%22%22%2C%22infoSite%22%3A%22%22%2C%22infoPhone%22%3A%22%22%2C%22infoEmail%22%3A%22%22%2C%22infoWorkingHours%22%3A%22%22%2C%22markerClickAction%22%3A%22infoWindow%22%2C%22infoWindowOpenedByDefault%22%3Afalse%2C%22linkUrl%22%3A%22%22%2C%22animation%22%3A%22none%22%7D%2C%7B%22position%22%3A%22%20Passeig%20de%20Llu%5Cu00eds%20Companys%2C%2008003%20Barcelona%22%2C%22coordinates%22%3A%2241.3904419%2C%202.1821992%22%2C%22infoTitle%22%3A%22Arc%20de%20Triomf%22%2C%22category%22%3A%22%22%2C%22icon%22%3A%2204b9e5b3-7a0f-47c4-a6cf-d74122d285cc%22%2C%22infoDescription%22%3A%22%22%2C%22infoImage%22%3A%7B%22name%22%3A%22%22%2C%22url%22%3A%22%22%7D%2C%22infoAddress%22%3A%22%22%2C%22infoSite%22%3A%22%22%2C%22infoPhone%22%3A%22%22%2C%22infoEmail%22%3A%22%22%2C%22infoWorkingHours%22%3A%22%22%2C%22markerClickAction%22%3A%22infoWindow%22%2C%22infoWindowOpenedByDefault%22%3Afalse%2C%22linkUrl%22%3A%22%22%2C%22animation%22%3A%22none%22%7D%2C%7B%22position%22%3A%22Avinguda%20Diagonal%2C%20211%2C%2008018%20Barcelona%22%2C%22coordinates%22%3A%2241.4034045%2C%202.1895934%22%2C%22infoTitle%22%3A%22Torre%20Agbar%22%2C%22category%22%3A%22%22%2C%22icon%22%3A%2202a7b46d-c264-45a9-8842-0ceb8a78aceb%22%2C%22infoDescription%22%3A%22%22%2C%22infoImage%22%3A%7B%22name%22%3A%22%22%2C%22url%22%3A%22%22%7D%2C%22infoAddress%22%3A%22%22%2C%22infoSite%22%3A%22%22%2C%22infoPhone%22%3A%22%22%2C%22infoEmail%22%3A%22%22%2C%22infoWorkingHours%22%3A%22%22%2C%22markerClickAction%22%3A%22infoWindow%22%2C%22infoWindowOpenedByDefault%22%3Afalse%2C%22linkUrl%22%3A%22%22%2C%22animation%22%3A%22none%22%7D%2C%7B%22position%22%3A%2208005%20Barcelona%22%2C%22coordinates%22%3A%2241.3977365%2C%202.2015347%22%2C%22infoTitle%22%3A%22Torre%20Mapfre%22%2C%22category%22%3A%22%22%2C%22icon%22%3A%221ba6b512-3084-4fd1-8ced-b8f9c97c0b80%22%2C%22infoDescription%22%3A%22%22%2C%22infoImage%22%3A%7B%22name%22%3A%22%22%2C%22url%22%3A%22%22%7D%2C%22infoAddress%22%3A%22%22%2C%22infoSite%22%3A%22%22%2C%22infoPhone%22%3A%22%22%2C%22infoEmail%22%3A%22%22%2C%22infoWorkingHours%22%3A%22%22%2C%22markerClickAction%22%3A%22infoWindow%22%2C%22infoWindowOpenedByDefault%22%3Afalse%2C%22linkUrl%22%3A%22%22%2C%22animation%22%3A%22none%22%7D%2C%7B%22position%22%3A%22C%5C%2F%20Palau%20de%20la%20M%5Cu00fasica%2C%204-6%2C%2008003%20Barcelona%22%2C%22coordinates%22%3A%2241.3875475%2C%202.1753859%22%2C%22infoTitle%22%3A%22Palau%20de%20la%20M%5Cu00fasica%20Catalana%22%2C%22category%22%3A%22%22%2C%22icon%22%3A%22e3639dd3-1b6d-4c10-8c14-1b43ae4ff206%22%2C%22infoDescription%22%3A%22%22%2C%22infoImage%22%3A%7B%22name%22%3A%22%22%2C%22url%22%3A%22%22%7D%2C%22infoAddress%22%3A%22%22%2C%22infoSite%22%3A%22%22%2C%22infoPhone%22%3A%22%22%2C%22infoEmail%22%3A%22%22%2C%22infoWorkingHours%22%3A%22%22%2C%22markerClickAction%22%3A%22infoWindow%22%2C%22infoWindowOpenedByDefault%22%3Afalse%2C%22linkUrl%22%3A%22%22%2C%22animation%22%3A%22none%22%7D%2C%7B%22position%22%3A%22Parc%20G%5Cu00fcell%2C%2008024%20Barcelona%22%2C%22coordinates%22%3A%2241.4144948%2C%202.1526945%22%2C%22infoTitle%22%3A%22Parc%20G%5Cu00fcell%22%2C%22category%22%3A%22%22%2C%22icon%22%3A%225dfde4fc-9f95-4507-aac4-f1c2221c6d70%22%2C%22infoDescription%22%3A%22%22%2C%22infoImage%22%3A%7B%22name%22%3A%22%22%2C%22url%22%3A%22%22%7D%2C%22infoAddress%22%3A%22%22%2C%22infoSite%22%3A%22%22%2C%22infoPhone%22%3A%22%22%2C%22infoEmail%22%3A%22%22%2C%22infoWorkingHours%22%3A%22%22%2C%22markerClickAction%22%3A%22infoWindow%22%2C%22infoWindowOpenedByDefault%22%3Afalse%2C%22linkUrl%22%3A%22%22%2C%22animation%22%3A%22none%22%7D%2C%7B%22position%22%3A%22C%5C%2F%20de%20Mallorca%2C%20401%2C%2008013%20Barcelona%22%2C%22coordinates%22%3A%2241.40316079999999%2C%202.1743265%22%2C%22infoTitle%22%3A%22Sagrada%20Familia%22%2C%22category%22%3A%22%22%2C%22icon%22%3A%2221e493aa-5f2f-45e7-b6cc-a19379b51124%22%2C%22infoDescription%22%3A%22%22%2C%22infoImage%22%3A%7B%22name%22%3A%22%22%2C%22url%22%3A%22%22%7D%2C%22infoAddress%22%3A%22%22%2C%22infoSite%22%3A%22%22%2C%22infoPhone%22%3A%22%22%2C%22infoEmail%22%3A%22%22%2C%22infoWorkingHours%22%3A%22%22%2C%22markerClickAction%22%3A%22infoWindow%22%2C%22infoWindowOpenedByDefault%22%3Afalse%2C%22linkUrl%22%3A%22%22%2C%22animation%22%3A%22none%22%7D%2C%7B%22position%22%3A%22C.%20del%20Sagrat%20Cor%2C%2025%2C%2008034%20Barcelona%22%2C%22coordinates%22%3A%2241.4007967%2C%202.1184639%22%2C%22infoTitle%22%3A%22Templo%20del%20Sagrado%20Coraz%5Cu00f3n%22%2C%22category%22%3A%22%22%2C%22icon%22%3A%223659f2b3-8929-4426-8337-12764c01b92b%22%2C%22infoDescription%22%3A%22%22%2C%22infoImage%22%3A%7B%22name%22%3A%22%22%2C%22url%22%3A%22%22%7D%2C%22infoAddress%22%3A%22%22%2C%22infoSite%22%3A%22%22%2C%22infoPhone%22%3A%22%22%2C%22infoEmail%22%3A%22%22%2C%22infoWorkingHours%22%3A%22%22%2C%22markerClickAction%22%3A%22infoWindow%22%2C%22infoWindowOpenedByDefault%22%3Afalse%2C%22linkUrl%22%3A%22%22%2C%22animation%22%3A%22none%22%7D%2C%7B%22position%22%3A%22Passeig%20Ol%5Cu00edmpic%2C%205-7%2C%2008038%20Barcelona%22%2C%22coordinates%22%3A%2241.3633607%2C%202.1525695%22%2C%22infoTitle%22%3A%22Palau%20San%20Jordi%22%2C%22category%22%3A%22%22%2C%22icon%22%3A%22fb26acea-6e6a-44a0-9cd6-9c8ebabb44aa%22%2C%22infoDescription%22%3A%22%22%2C%22infoImage%22%3A%7B%22name%22%3A%22%22%2C%22url%22%3A%22%22%7D%2C%22infoAddress%22%3A%22%22%2C%22infoSite%22%3A%22%22%2C%22infoPhone%22%3A%22%22%2C%22infoEmail%22%3A%22%22%2C%22infoWorkingHours%22%3A%22%22%2C%22markerClickAction%22%3A%22infoWindow%22%2C%22infoWindowOpenedByDefault%22%3Afalse%2C%22linkUrl%22%3A%22%22%2C%22animation%22%3A%22none%22%7D%2C%7B%22position%22%3A%22Pla%5Cu00e7a%20dels%20%5Cu00c0ngels%2C%201%2C%2008001%20Barcelona%22%2C%22coordinates%22%3A%2241.3832964%2C%202.1676853%22%2C%22infoTitle%22%3A%22Macba%2C%20Museu%20d%27Art%20Contemporani%20de%20Barcelona%22%2C%22category%22%3A%22%22%2C%22icon%22%3A%226710f89e-b5d3-4713-a206-87b92567bea7%22%2C%22infoDescription%22%3A%22%22%2C%22infoImage%22%3A%7B%22name%22%3A%22%22%2C%22url%22%3A%22%22%7D%2C%22infoAddress%22%3A%22%22%2C%22infoSite%22%3A%22%22%2C%22infoPhone%22%3A%22%22%2C%22infoEmail%22%3A%22%22%2C%22infoWorkingHours%22%3A%22%22%2C%22markerClickAction%22%3A%22infoWindow%22%2C%22infoWindowOpenedByDefault%22%3Afalse%2C%22linkUrl%22%3A%22%22%2C%22animation%22%3A%22none%22%2C%22id%22%3A%2276a4685e-bec0-46b9-8b78-cced7dab62f3%22%7D%5D%2C%22mapType%22%3A%22roadmap%22%2C%22center%22%3A%22Roger%20de%20Ll%5Cu00faria%20Barcelona%22%2C%22zoom%22%3A%2215%22%2C%22controls%22%3A%5B%22zoom%22%2C%22mapType%22%2C%22scale%22%2C%22streetView%22%2C%22rotate%22%2C%22fullScreen%22%5D%2C%22markerClusterEnabled%22%3Afalse%2C%22markerClusterZoom%22%3Atrue%2C%22markerClusterMin%22%3A3%2C%22markerClusterIcon%22%3A%22custom%22%2C%22markerClusterIconColor%22%3A%22rgb%280%2C%200%2C%200%29%22%2C%22markerClusterIconUrl%22%3A%22https%3A%5C%2F%5C%2Fwww.hotelpraktikgarden.com%5C%2Fwp-content%5C%2Fuploads%5C%2Fsites%5C%2F21%5C%2F2022%5C%2F11%5C%2Fpoi-icon.png%22%2C%22markerClusterSize%22%3A30%2C%22infoDirections%22%3Atrue%2C%22directionsTarget%22%3A%22inline%22%2C%22scrollwheel%22%3Afalse%2C%22draggable%22%3Atrue%2C%22layers%22%3A%5B%5D%2C%22width%22%3A%22100%25%22%2C%22height%22%3A%22760%22%2C%22panelEnabled%22%3Afalse%2C%22panelOpenByDefault%22%3Atrue%2C%22panelSearchVisible%22%3Atrue%2C%22panelSearchBy%22%3A%22markers%22%2C%22panelSearchPlaceholder%22%3A%22%22%2C%22panelListItemElements%22%3A%5B%22title%22%2C%22category%22%2C%22image%22%2C%22address%22%2C%22phone%22%2C%22workingHours%22%5D%2C%22mainColor%22%3A%22rgb%28223%2C%2043%2C%2030%29%22%2C%22style%22%3A%22default%22%2C%22colorGeometry%22%3A%22%22%2C%22colorLabelsTextFill%22%3A%22%22%2C%22colorLabelsTextStroke%22%3A%22%22%2C%22colorAdministrativeGeometryStroke%22%3A%22%22%2C%22colorAdministrativeLandParcel%22%3A%22%22%2C%22colorLandscapeNaturalGeometry%22%3A%22%22%2C%22colorPoiGeometry%22%3A%22%22%2C%22colorPoiLabelsTextFill%22%3A%22%22%2C%22colorPoiParkGeometryFill%22%3A%22%22%2C%22colorPoiParkLabelsTextFill%22%3A%22%22%2C%22colorRoadGeometry%22%3A%22%22%2C%22colorRoadArterial%22%3A%22%22%2C%22colorRoadHighway%22%3A%22%22%2C%22colorRoadHighwayGeometryStroke%22%3A%22%22%2C%22colorRoadHighwayControlledAccessGeometry%22%3A%22%22%2C%22colorRoadHighwayControlledAccessGeometryStroke%22%3A%22%22%2C%22colorRoadLocalLabelsTextFill%22%3A%22%22%2C%22colorTransitLineGeometry%22%3A%22%22%2C%22colorTransitLineLabelsTextFill%22%3A%22%22%2C%22colorTransitLineLabelsTextStroke%22%3A%22%22%2C%22colorTransitStationGeometry%22%3A%22%22%2C%22colorWaterGeometryFill%22%3A%22%22%2C%22colorWaterLabelTextFill%22%3A%22%22%2C%22customGoogleMapsStyles%22%3A%22%22%2C%22apiKey%22%3A%22AIzaSyBKglUHN9sASgL6wW3M7F_1lu2lcKv38d8%22%2C%22widgetId%22%3A%221%22%7D\" \n                data-elfsight-google-maps-version=\"2.4.2\"\n                data-elfsight-widget-id=\"elfsight-google-maps-1\">\n            <\/div>\n            \n<h2 style=\"text-align: center;\"><span data-sheets-userformat=\"{&quot;2&quot;:7041,&quot;3&quot;:{&quot;1&quot;:0},&quot;10&quot;:1,&quot;11&quot;:4,&quot;12&quot;:0,&quot;14&quot;:{&quot;1&quot;:2,&quot;2&quot;:0},&quot;15&quot;:&quot;Arial&quot;}\" data-sheets-value=\"{&quot;1&quot;:2,&quot;2&quot;:&quot;Que pensez-vous de Praktik Hotels ?&quot;}\">Que pensez-vous de Praktik Hotels?<\/span><\/h2>\n<p style=\"text-align: center;\"><span style=\"font-weight: normal;\">Un h\u00f4tel qui a autant de charme que ses h\u00f4tes.<\/span><\/p>\n<h3 style=\"text-align: center;\">Que pensez-vous de Praktik Hotels ?<\/h3>\n<p style=\"text-align: center;\">Un h\u00f4tel qui a autant de charme que ses h\u00f4tes.<\/p>\n<div data-src=\"https:\/\/cdn.trustindex.io\/loader.js?34e59dd57a5e107d054638a9c5a\"><\/div>\n","protected":false},"excerpt":{"rendered":"<p>Bienvenue \u00e0 Praktik Garden S\u00e9journez \u00e0 Praktik Garden, un h\u00f4tel avec jardin dans le centre de Barcelone. Arriv\u00e9e D\u00e9part Adultes 1 2 3 Enfants 0 1 2 [tcb-script src=\u00a0\u00bbhttps:\/\/code.jquery.com\/jquery-1.12.4.js\u00a0\u00bb][\/tcb-script] [tcb-script src=\u00a0\u00bbhttps:\/\/code.jquery.com\/ui\/1.12.1\/jquery-ui.js\u00a0\u00bb][\/tcb-script] [tcb-script] $(\u00ab\u00a0#checkinbig\u00a0\u00bb).datepicker({ defaultDate: null, firstDay: 1, minDate: 0, changeMonth: false, dayNamesMin: [&lsquo;D&rsquo;, &lsquo;L&rsquo;, &lsquo;M&rsquo;, &lsquo;M&rsquo;, &lsquo;J&rsquo;, &lsquo;V&rsquo;, &lsquo;S&rsquo;], &nbsp;monthNames: [ \u00ab\u00a0Janvier\u00a0\u00bb, \u00ab\u00a0F\u00e9vrier\u00a0\u00bb, \u00ab\u00a0Mars\u00a0\u00bb, \u00ab\u00a0Avril\u00a0\u00bb, [&hellip;]<\/p>\n","protected":false},"author":1,"featured_media":11706,"parent":0,"menu_order":0,"comment_status":"closed","ping_status":"closed","template":"","meta":{"inline_featured_image":false,"footnotes":""},"class_list":["post-7574","page","type-page","status-publish","has-post-thumbnail","hentry","post-wrapper","thrv_wrapper"],"yoast_head":"<!-- This site is optimized with the Yoast SEO plugin v23.2 - https:\/\/yoast.com\/wordpress\/plugins\/seo\/ -->\n<title>Hotel Praktik Garden - Une oasis pour se d\u00e9connecter<\/title>\n<meta name=\"description\" content=\"Praktik Garden est un h\u00f4tel situ\u00e9 dans le centre de Barcelone et dot\u00e9 d&#039;un charmant jardin. Faites votre r\u00e9servation et profitez de la ville !\" \/>\n<meta name=\"robots\" content=\"index, follow, max-snippet:-1, max-image-preview:large, max-video-preview:-1\" \/>\n<link rel=\"canonical\" href=\"https:\/\/www.hotelpraktikgarden.com\/fr\/\" \/>\n<meta property=\"og:locale\" content=\"fr_FR\" \/>\n<meta property=\"og:type\" content=\"article\" \/>\n<meta property=\"og:title\" content=\"Hotel Praktik Garden - Une oasis pour se d\u00e9connecter\" \/>\n<meta property=\"og:description\" content=\"Praktik Garden est un h\u00f4tel situ\u00e9 dans le centre de Barcelone et dot\u00e9 d&#039;un charmant jardin. Faites votre r\u00e9servation et profitez de la ville !\" \/>\n<meta property=\"og:url\" content=\"https:\/\/www.hotelpraktikgarden.com\/fr\/\" \/>\n<meta property=\"og:site_name\" content=\"Hotel Praktik Garden\" \/>\n<meta property=\"article:publisher\" content=\"https:\/\/www.facebook.com\/praktikhotels\/\" \/>\n<meta property=\"article:modified_time\" content=\"2025-10-29T11:32:15+00:00\" \/>\n<meta property=\"og:image\" content=\"https:\/\/www.hotelpraktikgarden.com\/wp-content\/uploads\/sites\/21\/HOTEL-PRAKTIK-GARDEN-BARCELONA-TERRAZA-5-1.jpg\" \/>\n\t<meta property=\"og:image:width\" content=\"540\" \/>\n\t<meta property=\"og:image:height\" content=\"540\" \/>\n\t<meta property=\"og:image:type\" content=\"image\/jpeg\" \/>\n<meta name=\"twitter:card\" content=\"summary_large_image\" \/>\n<meta name=\"twitter:title\" content=\"Hotel Praktik Garden - Une oasis pour se d\u00e9connecter\" \/>\n<meta name=\"twitter:description\" content=\"Praktik Garden est un h\u00f4tel situ\u00e9 dans le centre de Barcelone et dot\u00e9 d&#039;un charmant jardin. Faites votre r\u00e9servation et profitez de la ville !\" \/>\n<meta name=\"twitter:site\" content=\"@praktikhotels\" \/>\n<meta name=\"twitter:label1\" content=\"Dur\u00e9e de lecture estim\u00e9e\" \/>\n\t<meta name=\"twitter:data1\" content=\"6 minutes\" \/>\n<script type=\"application\/ld+json\" class=\"yoast-schema-graph\">{\"@context\":\"https:\/\/schema.org\",\"@graph\":[{\"@type\":\"Article\",\"@id\":\"https:\/\/www.hotelpraktikgarden.com\/fr\/#article\",\"isPartOf\":{\"@id\":\"https:\/\/www.hotelpraktikgarden.com\/fr\/\"},\"author\":{\"name\":\"praktkmaster\",\"@id\":\"\/#\/schema\/person\/4015c3b656759440a8291536b481326d\"},\"headline\":\"Hotel a Barcelone\",\"datePublished\":\"2022-10-27T09:52:03+00:00\",\"dateModified\":\"2025-10-29T11:32:15+00:00\",\"mainEntityOfPage\":{\"@id\":\"https:\/\/www.hotelpraktikgarden.com\/fr\/\"},\"wordCount\":779,\"publisher\":{\"@id\":\"\/#organization\"},\"image\":{\"@id\":\"https:\/\/www.hotelpraktikgarden.com\/fr\/#primaryimage\"},\"thumbnailUrl\":\"https:\/\/www.hotelpraktikgarden.com\/wp-content\/uploads\/sites\/21\/HOTEL-PRAKTIK-GARDEN-BARCELONA-TERRAZA-5-1.jpg\",\"inLanguage\":\"fr-FR\"},{\"@type\":\"WebPage\",\"@id\":\"https:\/\/www.hotelpraktikgarden.com\/fr\/\",\"url\":\"https:\/\/www.hotelpraktikgarden.com\/fr\/\",\"name\":\"Hotel Praktik Garden - Une oasis pour se d\u00e9connecter\",\"isPartOf\":{\"@id\":\"\/#website\"},\"primaryImageOfPage\":{\"@id\":\"https:\/\/www.hotelpraktikgarden.com\/fr\/#primaryimage\"},\"image\":{\"@id\":\"https:\/\/www.hotelpraktikgarden.com\/fr\/#primaryimage\"},\"thumbnailUrl\":\"https:\/\/www.hotelpraktikgarden.com\/wp-content\/uploads\/sites\/21\/HOTEL-PRAKTIK-GARDEN-BARCELONA-TERRAZA-5-1.jpg\",\"datePublished\":\"2022-10-27T09:52:03+00:00\",\"dateModified\":\"2025-10-29T11:32:15+00:00\",\"description\":\"Praktik Garden est un h\u00f4tel situ\u00e9 dans le centre de Barcelone et dot\u00e9 d'un charmant jardin. Faites votre r\u00e9servation et profitez de la ville !\",\"breadcrumb\":{\"@id\":\"https:\/\/www.hotelpraktikgarden.com\/fr\/#breadcrumb\"},\"inLanguage\":\"fr-FR\",\"potentialAction\":[{\"@type\":\"ReadAction\",\"target\":[\"https:\/\/www.hotelpraktikgarden.com\/fr\/\"]}]},{\"@type\":\"ImageObject\",\"inLanguage\":\"fr-FR\",\"@id\":\"https:\/\/www.hotelpraktikgarden.com\/fr\/#primaryimage\",\"url\":\"https:\/\/www.hotelpraktikgarden.com\/wp-content\/uploads\/sites\/21\/HOTEL-PRAKTIK-GARDEN-BARCELONA-TERRAZA-5-1.jpg\",\"contentUrl\":\"https:\/\/www.hotelpraktikgarden.com\/wp-content\/uploads\/sites\/21\/HOTEL-PRAKTIK-GARDEN-BARCELONA-TERRAZA-5-1.jpg\",\"width\":540,\"height\":540,\"caption\":\"HOTEL-PRAKTIK-GARDEN-BARCELONA-TERRAZA\"},{\"@type\":\"BreadcrumbList\",\"@id\":\"https:\/\/www.hotelpraktikgarden.com\/fr\/#breadcrumb\",\"itemListElement\":[{\"@type\":\"ListItem\",\"position\":1,\"name\":\"Portada\",\"item\":\"https:\/\/www.hotelpraktikgarden.com\/fr\/\"},{\"@type\":\"ListItem\",\"position\":2,\"name\":\"Hotel a Barcelone\"}]},{\"@type\":\"WebSite\",\"@id\":\"\/#website\",\"url\":\"\/\",\"name\":\"Hotel Praktik Garden\",\"description\":\"Un oasis para desconectar\",\"publisher\":{\"@id\":\"\/#organization\"},\"potentialAction\":[{\"@type\":\"SearchAction\",\"target\":{\"@type\":\"EntryPoint\",\"urlTemplate\":\"\/?s={search_term_string}\"},\"query-input\":\"required name=search_term_string\"}],\"inLanguage\":\"fr-FR\"},{\"@type\":\"Organization\",\"@id\":\"\/#organization\",\"name\":\"Hotel Praktik Garden\",\"url\":\"\/\",\"logo\":{\"@type\":\"ImageObject\",\"inLanguage\":\"fr-FR\",\"@id\":\"\/#\/schema\/logo\/image\/\",\"url\":\"https:\/\/www.hotelpraktikgarden.com\/wp-content\/uploads\/sites\/21\/2022\/11\/praktik-vinoteca-habitacion01.jpg\",\"contentUrl\":\"https:\/\/www.hotelpraktikgarden.com\/wp-content\/uploads\/sites\/21\/2022\/11\/praktik-vinoteca-habitacion01.jpg\",\"width\":960,\"height\":635,\"caption\":\"Hotel Praktik Garden\"},\"image\":{\"@id\":\"\/#\/schema\/logo\/image\/\"},\"sameAs\":[\"https:\/\/www.facebook.com\/praktikhotels\/\",\"https:\/\/x.com\/praktikhotels\",\"https:\/\/www.instagram.com\/praktikhotels\/\"]},{\"@type\":\"Person\",\"@id\":\"\/#\/schema\/person\/4015c3b656759440a8291536b481326d\",\"name\":\"praktkmaster\",\"image\":{\"@type\":\"ImageObject\",\"inLanguage\":\"fr-FR\",\"@id\":\"\/#\/schema\/person\/image\/\",\"url\":\"https:\/\/secure.gravatar.com\/avatar\/29d735a18eaffe4d58415575700d4e8f?s=96&d=mm&r=g\",\"contentUrl\":\"https:\/\/secure.gravatar.com\/avatar\/29d735a18eaffe4d58415575700d4e8f?s=96&d=mm&r=g\",\"caption\":\"praktkmaster\"},\"sameAs\":[\"http:\/\/praktikdev.rkinnova.com\"]}]}<\/script>\n<!-- \/ Yoast SEO plugin. -->","yoast_head_json":{"title":"Hotel Praktik Garden - Une oasis pour se d\u00e9connecter","description":"Praktik Garden est un h\u00f4tel situ\u00e9 dans le centre de Barcelone et dot\u00e9 d'un charmant jardin. Faites votre r\u00e9servation et profitez de la ville !","robots":{"index":"index","follow":"follow","max-snippet":"max-snippet:-1","max-image-preview":"max-image-preview:large","max-video-preview":"max-video-preview:-1"},"canonical":"https:\/\/www.hotelpraktikgarden.com\/fr\/","og_locale":"fr_FR","og_type":"article","og_title":"Hotel Praktik Garden - Une oasis pour se d\u00e9connecter","og_description":"Praktik Garden est un h\u00f4tel situ\u00e9 dans le centre de Barcelone et dot\u00e9 d'un charmant jardin. Faites votre r\u00e9servation et profitez de la ville !","og_url":"https:\/\/www.hotelpraktikgarden.com\/fr\/","og_site_name":"Hotel Praktik Garden","article_publisher":"https:\/\/www.facebook.com\/praktikhotels\/","article_modified_time":"2025-10-29T11:32:15+00:00","og_image":[{"width":540,"height":540,"url":"https:\/\/www.hotelpraktikgarden.com\/wp-content\/uploads\/sites\/21\/HOTEL-PRAKTIK-GARDEN-BARCELONA-TERRAZA-5-1.jpg","type":"image\/jpeg"}],"twitter_card":"summary_large_image","twitter_title":"Hotel Praktik Garden - Une oasis pour se d\u00e9connecter","twitter_description":"Praktik Garden est un h\u00f4tel situ\u00e9 dans le centre de Barcelone et dot\u00e9 d'un charmant jardin. Faites votre r\u00e9servation et profitez de la ville !","twitter_site":"@praktikhotels","twitter_misc":{"Dur\u00e9e de lecture estim\u00e9e":"6 minutes"},"schema":{"@context":"https:\/\/schema.org","@graph":[{"@type":"Article","@id":"https:\/\/www.hotelpraktikgarden.com\/fr\/#article","isPartOf":{"@id":"https:\/\/www.hotelpraktikgarden.com\/fr\/"},"author":{"name":"praktkmaster","@id":"\/#\/schema\/person\/4015c3b656759440a8291536b481326d"},"headline":"Hotel a Barcelone","datePublished":"2022-10-27T09:52:03+00:00","dateModified":"2025-10-29T11:32:15+00:00","mainEntityOfPage":{"@id":"https:\/\/www.hotelpraktikgarden.com\/fr\/"},"wordCount":779,"publisher":{"@id":"\/#organization"},"image":{"@id":"https:\/\/www.hotelpraktikgarden.com\/fr\/#primaryimage"},"thumbnailUrl":"https:\/\/www.hotelpraktikgarden.com\/wp-content\/uploads\/sites\/21\/HOTEL-PRAKTIK-GARDEN-BARCELONA-TERRAZA-5-1.jpg","inLanguage":"fr-FR"},{"@type":"WebPage","@id":"https:\/\/www.hotelpraktikgarden.com\/fr\/","url":"https:\/\/www.hotelpraktikgarden.com\/fr\/","name":"Hotel Praktik Garden - Une oasis pour se d\u00e9connecter","isPartOf":{"@id":"\/#website"},"primaryImageOfPage":{"@id":"https:\/\/www.hotelpraktikgarden.com\/fr\/#primaryimage"},"image":{"@id":"https:\/\/www.hotelpraktikgarden.com\/fr\/#primaryimage"},"thumbnailUrl":"https:\/\/www.hotelpraktikgarden.com\/wp-content\/uploads\/sites\/21\/HOTEL-PRAKTIK-GARDEN-BARCELONA-TERRAZA-5-1.jpg","datePublished":"2022-10-27T09:52:03+00:00","dateModified":"2025-10-29T11:32:15+00:00","description":"Praktik Garden est un h\u00f4tel situ\u00e9 dans le centre de Barcelone et dot\u00e9 d'un charmant jardin. Faites votre r\u00e9servation et profitez de la ville !","breadcrumb":{"@id":"https:\/\/www.hotelpraktikgarden.com\/fr\/#breadcrumb"},"inLanguage":"fr-FR","potentialAction":[{"@type":"ReadAction","target":["https:\/\/www.hotelpraktikgarden.com\/fr\/"]}]},{"@type":"ImageObject","inLanguage":"fr-FR","@id":"https:\/\/www.hotelpraktikgarden.com\/fr\/#primaryimage","url":"https:\/\/www.hotelpraktikgarden.com\/wp-content\/uploads\/sites\/21\/HOTEL-PRAKTIK-GARDEN-BARCELONA-TERRAZA-5-1.jpg","contentUrl":"https:\/\/www.hotelpraktikgarden.com\/wp-content\/uploads\/sites\/21\/HOTEL-PRAKTIK-GARDEN-BARCELONA-TERRAZA-5-1.jpg","width":540,"height":540,"caption":"HOTEL-PRAKTIK-GARDEN-BARCELONA-TERRAZA"},{"@type":"BreadcrumbList","@id":"https:\/\/www.hotelpraktikgarden.com\/fr\/#breadcrumb","itemListElement":[{"@type":"ListItem","position":1,"name":"Portada","item":"https:\/\/www.hotelpraktikgarden.com\/fr\/"},{"@type":"ListItem","position":2,"name":"Hotel a Barcelone"}]},{"@type":"WebSite","@id":"\/#website","url":"\/","name":"Hotel Praktik Garden","description":"Un oasis para desconectar","publisher":{"@id":"\/#organization"},"potentialAction":[{"@type":"SearchAction","target":{"@type":"EntryPoint","urlTemplate":"\/?s={search_term_string}"},"query-input":"required name=search_term_string"}],"inLanguage":"fr-FR"},{"@type":"Organization","@id":"\/#organization","name":"Hotel Praktik Garden","url":"\/","logo":{"@type":"ImageObject","inLanguage":"fr-FR","@id":"\/#\/schema\/logo\/image\/","url":"https:\/\/www.hotelpraktikgarden.com\/wp-content\/uploads\/sites\/21\/2022\/11\/praktik-vinoteca-habitacion01.jpg","contentUrl":"https:\/\/www.hotelpraktikgarden.com\/wp-content\/uploads\/sites\/21\/2022\/11\/praktik-vinoteca-habitacion01.jpg","width":960,"height":635,"caption":"Hotel Praktik Garden"},"image":{"@id":"\/#\/schema\/logo\/image\/"},"sameAs":["https:\/\/www.facebook.com\/praktikhotels\/","https:\/\/x.com\/praktikhotels","https:\/\/www.instagram.com\/praktikhotels\/"]},{"@type":"Person","@id":"\/#\/schema\/person\/4015c3b656759440a8291536b481326d","name":"praktkmaster","image":{"@type":"ImageObject","inLanguage":"fr-FR","@id":"\/#\/schema\/person\/image\/","url":"https:\/\/secure.gravatar.com\/avatar\/29d735a18eaffe4d58415575700d4e8f?s=96&d=mm&r=g","contentUrl":"https:\/\/secure.gravatar.com\/avatar\/29d735a18eaffe4d58415575700d4e8f?s=96&d=mm&r=g","caption":"praktkmaster"},"sameAs":["http:\/\/praktikdev.rkinnova.com"]}]}},"_links":{"self":[{"href":"https:\/\/www.hotelpraktikgarden.com\/fr\/wp-json\/wp\/v2\/pages\/7574"}],"collection":[{"href":"https:\/\/www.hotelpraktikgarden.com\/fr\/wp-json\/wp\/v2\/pages"}],"about":[{"href":"https:\/\/www.hotelpraktikgarden.com\/fr\/wp-json\/wp\/v2\/types\/page"}],"author":[{"embeddable":true,"href":"https:\/\/www.hotelpraktikgarden.com\/fr\/wp-json\/wp\/v2\/users\/1"}],"replies":[{"embeddable":true,"href":"https:\/\/www.hotelpraktikgarden.com\/fr\/wp-json\/wp\/v2\/comments?post=7574"}],"version-history":[{"count":28,"href":"https:\/\/www.hotelpraktikgarden.com\/fr\/wp-json\/wp\/v2\/pages\/7574\/revisions"}],"predecessor-version":[{"id":13783,"href":"https:\/\/www.hotelpraktikgarden.com\/fr\/wp-json\/wp\/v2\/pages\/7574\/revisions\/13783"}],"wp:featuredmedia":[{"embeddable":true,"href":"https:\/\/www.hotelpraktikgarden.com\/fr\/wp-json\/wp\/v2\/media\/11706"}],"wp:attachment":[{"href":"https:\/\/www.hotelpraktikgarden.com\/fr\/wp-json\/wp\/v2\/media?parent=7574"}],"curies":[{"name":"wp","href":"https:\/\/api.w.org\/{rel}","templated":true}]}}